{"id":9656,"date":"2015-09-14T05:00:00","date_gmt":"2015-09-14T05:00:00","guid":{"rendered":"http:\/\/www.fivecontinentseditions.com\/prodotto\/the-world-that-wasnt-there-2\/"},"modified":"2018-04-10T12:04:31","modified_gmt":"2018-04-10T12:04:31","slug":"the-world-that-wasnt-there-2","status":"publish","type":"product","link":"https:\/\/www.fivecontinentseditions.com\/fr\/p\/the-world-that-wasnt-there-2\/","title":{"rendered":"The World that Wasn&rsquo;t There"},"content":{"rendered":"<p>Un des premiers en Europe \u00e0consid\u00e9rer comme des \u0153uvres d\u2019art les dons que le souverain azt\u00e8que Montezuma fit \u00e0Hern\u00e1n Cort\u00e9s fut Albrecht D\u00fcrer : \u00ab Parmi tout ce que j\u2019ai vu jusqu\u2019\u00e0pr\u00e9sent, rien ne m\u2019a jamais donn\u00e9 autant de joie que les objets apport\u00e9s au roi provenant des nouveaux pays de l\u2019or [&#8230;] Quelques pi\u00e8ces affichent une habilet\u00e9 extraordinaire. Je suis \u00e9tonn\u00e9 par l\u2019ing\u00e9niosit\u00e9 des habitants de ces terres lointaines \u00bb, \u00e9crit-il. C\u2019\u00e9tait en 1520, \u00e0Bruxelles, o\u00f9 ces \u0153uvres avaient \u00e9t\u00e9 envoy\u00e9es.<br \/>\nLes cinq si\u00e8cles qui se sont \u00e9coul\u00e9s depuis que la beaut\u00e9 de ces objets a \u00e9t\u00e9 remarqu\u00e9e ne semblent pas avoir \u00e9t\u00e9 suffisants pour comprendre pleinement les anciennes cultures d\u2019Am\u00e9rique latine. Ce catalogue d\u2019art pr\u00e9colombien est une nouvelle tentative d\u2019examiner et de se r\u00e9concilier avec des \u0153uvres produites par une partie de l\u2019humanit\u00e9 sur laquelle les Europ\u00e9ens n\u2019ont port\u00e9 leur attention qu\u2019apr\u00e8s les voyages de Christophe Colomb et d\u2019autres explorateurs.<br \/>\nIl illustre la collection d\u2019art pr\u00e9colombien de Giancarlo et Inti Ligabue, l\u2019une des rares collections du genre en mains italiennes : plus de cent cinquante pi\u00e8ces de M\u00e9so-Am\u00e9rique et d\u2019Am\u00e9rique du Sud, un extraordinaire corpus d\u2019objets qui t\u00e9moigne de l\u2019excellence \u00e0 laquelle sont parvenus ces artistes d\u2019Am\u00e9rique latine. Mais il raconte aussi l\u2019histoire de certains objets rares ayant appartenu \u00e0 la collection M\u00e9dicis, l\u2019un des plus grands tr\u00e9sors de l\u2019Europe. Parmi ceux-ci figurent deux <em>atlatls<\/em>, lances couvertes de feuilles d\u2019or de la culture azt\u00e8que ou mixt\u00e8que, un collier ta\u00efnos datant du xive ou du xve si\u00e8cle et un masque en pierre provenant de Teotihuacan.<br \/>\nCes objets sont accompagn\u00e9s de pi\u00e8ces de collections priv\u00e9es europ\u00e9ennes et d\u2019un certain nombre d\u2019\u0153uvres d\u2019art importantes du mus\u00e9e du quai Branly \u00e0 Paris. Des essais d\u2019\u00e9minents sp\u00e9cialistes et arch\u00e9ologues, tels que C. Phillips, C. F. Baudez, J.-M. Hoppan, J.-J. Leyenard, F. Kauffmann Doig, C. Cavatrunci, D. Domenica et M. Polia, proposent des interpr\u00e9tations \u00e0 la fois scientifiques et humanistes de la pens\u00e9e am\u00e9rindienne.<br \/>\nLes chefs-d\u2019\u0153uvre des anciennes cultures d\u2019Am\u00e9rique latine de la collection Giancarlo et Inti Ligabue font partie d\u2019un vaste tr\u00e9sor d\u2019objets rassembl\u00e9s pendant pr\u00e8s d\u2019un demi-si\u00e8cle.<\/p>\n<p><strong>Adriano Favaro<\/strong> a \u00e9t\u00e9 en charge de la \u00ab rubrique \u00bb culture du quotidien <em>Il Gazzettino<\/em> pendant des ann\u00e9es, ainsi que r\u00e9dacteur en chef de<em> Ligabue Magazine<\/em>.<br \/>\n<strong>Jacques Blazy<\/strong> est un expert de renomm\u00e9e internationale dans l\u2019art pr\u00e9colombien et l\u2019organisateur de l\u2019exposition au museo archeologico de Florence.<br \/>\n<strong>Andr\u00e9 Delpuech<\/strong> est le conservateur du patrimoine des collections am\u00e9ricaines au mus\u00e9e du quai Branly, Paris, et le pr\u00e9sident du comit\u00e9 scientifique.<\/p>\n","protected":false},"excerpt":{"rendered":"<p>Un des premiers en Europe \u00e0consid\u00e9rer comme des \u0153uvres d\u2019art les dons que le souverain azt\u00e8que Montezuma fit \u00e0Hern\u00e1n Cort\u00e9s fut Albrecht D\u00fcrer : \u00ab Parmi tout ce que j\u2019ai vu jusqu\u2019\u00e0pr\u00e9sent, rien ne m\u2019a jamais donn\u00e9 autant de joie que les objets apport\u00e9s au roi provenant des nouveaux pays de l\u2019or [&#8230;] Quelques pi\u00e8ces&hellip;<\/p>\n","protected":false},"featured_media":9634,"template":"","meta":{"_acf_changed":false,"inline_featured_image":false},"product_brand":[],"product_cat":[69],"product_tag":[],"class_list":{"0":"post-9656","1":"product","2":"type-product","3":"status-publish","4":"has-post-thumbnail","6":"product_cat-art-precolombien","7":"disponibilita-si","8":"description-off","10":"first","11":"instock","12":"shipping-taxable","13":"purchasable","14":"product-type-simple"},"acf":[],"_links":{"self":[{"href":"https:\/\/www.fivecontinentseditions.com\/fr\/wp-json\/wp\/v2\/product\/9656","targetHints":{"allow":["GET"]}}],"collection":[{"href":"https:\/\/www.fivecontinentseditions.com\/fr\/wp-json\/wp\/v2\/product"}],"about":[{"href":"https:\/\/www.fivecontinentseditions.com\/fr\/wp-json\/wp\/v2\/types\/product"}],"wp:featuredmedia":[{"embeddable":true,"href":"https:\/\/www.fivecontinentseditions.com\/fr\/wp-json\/wp\/v2\/media\/9634"}],"wp:attachment":[{"href":"https:\/\/www.fivecontinentseditions.com\/fr\/wp-json\/wp\/v2\/media?parent=9656"}],"wp:term":[{"taxonomy":"product_brand","embeddable":true,"href":"https:\/\/www.fivecontinentseditions.com\/fr\/wp-json\/wp\/v2\/product_brand?post=9656"},{"taxonomy":"product_cat","embeddable":true,"href":"https:\/\/www.fivecontinentseditions.com\/fr\/wp-json\/wp\/v2\/product_cat?post=9656"},{"taxonomy":"product_tag","embeddable":true,"href":"https:\/\/www.fivecontinentseditions.com\/fr\/wp-json\/wp\/v2\/product_tag?post=9656"}],"curies":[{"name":"wp","href":"https:\/\/api.w.org\/{rel}","templated":true}]}}