{"id":7887,"date":"2011-12-19T05:00:00","date_gmt":"2011-12-19T05:00:00","guid":{"rendered":"http:\/\/www.fivecontinentseditions.com\/prodotto\/caravaggio-die-erste-medusa-la-premiere-medusa-2\/"},"modified":"2023-03-14T17:46:18","modified_gmt":"2023-03-14T17:46:18","slug":"caravaggio-die-erste-medusa-la-premiere-medusa-2","status":"publish","type":"product","link":"https:\/\/www.fivecontinentseditions.com\/fr\/p\/caravaggio-die-erste-medusa-la-premiere-medusa-2\/","title":{"rendered":"Caravaggio. Die erste Medusa | La premi\u00e8re Medusa"},"content":{"rendered":"<p>La pr\u00e9sente monographie, consacr\u00e9e \u00e0une version de <em>La M\u00e9duse <\/em>que les plus \u00e9minents sp\u00e9cialistes du Caravage s\u2019accordent \u00e0reconna\u00eetre comme une \u0153uvre autographe, retrace le parcours de cette reconnaissance r\u00e9cente. C\u2019est la ressemblance avec le c\u00e9l\u00e8bre tableau conserv\u00e9 \u00e0 la galerie des offices \u00e0florence et les similitudes dans la technique picturale sur le support en bois qui ont incit\u00e9 les experts \u00e0se pencher sur l\u2019\u00e9nigme de cette deuxi\u00e8me <em>M\u00e9duse<\/em>. L\u2019hypoth\u00e8se selon laquelle le Caravage r\u00e9alisait des \u00ab doubles \u00bb, la qualit\u00e9 remarquable de la facture et le t\u00e9moignage de Murtola, po\u00e8te contemporain de l\u2019artiste, ont fini par les convaincre de l\u2019existence d\u2019une autre version de l\u2019\u0153uvre. Les radiographies et r\u00e9flectographies, qui r\u00e9v\u00e8lent la gen\u00e8se de l\u2019\u0153uvre, emportent d\u00e9finitivement leur conviction et permettent m\u00eame de conclure qu\u2019il s\u2019agit de la premi\u00e8re version du sujet.<br \/>\nL\u2019enqu\u00eate a \u00e9t\u00e9 men\u00e9e selon une double d\u00e9marche, l\u2019une classique, celle d\u2019une recherche historique et stylistique, l\u2019autre plus moderne, qui fait appel \u00e0 la technique et d\u00e9bouche sur de nouvelles m\u00e9thodes d\u2019analyse. Le chef-d\u2019\u0153uvre caravagesque devient l\u2019objet privil\u00e9gi\u00e9 d\u2019une passionnante enqu\u00eate o\u00f9 les techniques d\u2019investigation sophistiqu\u00e9es \u00e9tayent et int\u00e8grent l\u2019\u00e9tude d\u2019archives et l\u2019analyse stylistique du tableau, ouvrant ainsi de nouvelles voies d\u2019exploration et amenant \u00e0renouveler notre regard sur l\u2019\u0153uvre.<br \/>\nCe travail consid\u00e9rable des experts est compl\u00e9t\u00e9 par un appareil iconographique exceptionnel qui permet aux sp\u00e9cialistes et \u00e0tous les amoureux de l\u2019art d\u2019approfondir leur connaissance de cette \u0153uvre.<\/p>\n<p><strong>Mina Gregori<\/strong> est professeur \u00e9m\u00e9rite \u00e0 l\u2019universit\u00e9 de florence, historienne et critique d\u2019art et sp\u00e9cialiste du Caravage.<br \/>\n<strong>Maurizio Marini<\/strong>, r\u00e9cemment disparu, fut historien de l\u2019art, est un sp\u00e9cialiste reconnu du Caravage.<br \/>\n<strong>Maurizio Seracini <\/strong>est directeur du <em>Center of Interdisciplinary Science for Art, Architecture and Archeology,<\/em> \u00e0San Diego, Universit\u00e9 de Californie, et professeur associ\u00e9 \u00e0 la <em>Jacobs<br \/>\nSchool of Engeneering<\/em> de San Diego, Universit\u00e9 de Californie.<\/p>\n","protected":false},"excerpt":{"rendered":"<p>La pr\u00e9sente monographie, consacr\u00e9e \u00e0une version de La M\u00e9duse que les plus \u00e9minents sp\u00e9cialistes du Caravage s\u2019accordent \u00e0reconna\u00eetre comme une \u0153uvre autographe, retrace le parcours de cette reconnaissance r\u00e9cente. C\u2019est la ressemblance avec le c\u00e9l\u00e8bre tableau conserv\u00e9 \u00e0 la galerie des offices \u00e0florence et les similitudes dans la technique picturale sur le support en bois&hellip;<\/p>\n","protected":false},"featured_media":7882,"template":"","meta":{"_acf_changed":false,"inline_featured_image":false},"product_brand":[],"product_cat":[68],"product_tag":[],"class_list":{"0":"post-7887","1":"product","2":"type-product","3":"status-publish","4":"has-post-thumbnail","6":"product_cat-art-moderne","7":"disponibilita-si","8":"description-off","10":"first","11":"instock","12":"shipping-taxable","13":"purchasable","14":"product-type-simple"},"acf":[],"_links":{"self":[{"href":"https:\/\/www.fivecontinentseditions.com\/fr\/wp-json\/wp\/v2\/product\/7887","targetHints":{"allow":["GET"]}}],"collection":[{"href":"https:\/\/www.fivecontinentseditions.com\/fr\/wp-json\/wp\/v2\/product"}],"about":[{"href":"https:\/\/www.fivecontinentseditions.com\/fr\/wp-json\/wp\/v2\/types\/product"}],"wp:featuredmedia":[{"embeddable":true,"href":"https:\/\/www.fivecontinentseditions.com\/fr\/wp-json\/wp\/v2\/media\/7882"}],"wp:attachment":[{"href":"https:\/\/www.fivecontinentseditions.com\/fr\/wp-json\/wp\/v2\/media?parent=7887"}],"wp:term":[{"taxonomy":"product_brand","embeddable":true,"href":"https:\/\/www.fivecontinentseditions.com\/fr\/wp-json\/wp\/v2\/product_brand?post=7887"},{"taxonomy":"product_cat","embeddable":true,"href":"https:\/\/www.fivecontinentseditions.com\/fr\/wp-json\/wp\/v2\/product_cat?post=7887"},{"taxonomy":"product_tag","embeddable":true,"href":"https:\/\/www.fivecontinentseditions.com\/fr\/wp-json\/wp\/v2\/product_tag?post=7887"}],"curies":[{"name":"wp","href":"https:\/\/api.w.org\/{rel}","templated":true}]}}