{"id":6906,"date":"2010-06-24T05:00:00","date_gmt":"2010-06-24T05:00:00","guid":{"rendered":"http:\/\/www.fivecontinentseditions.com\/prodotto\/le-general-de-beylie-1849-1910-2\/"},"modified":"2018-04-17T07:12:03","modified_gmt":"2018-04-17T07:12:03","slug":"le-general-de-beylie-1849-1910-2","status":"publish","type":"product","link":"https:\/\/www.fivecontinentseditions.com\/fr\/p\/le-general-de-beylie-1849-1910-2\/","title":{"rendered":"Le G\u00e9n\u00e9ral de Beyli\u00e9 1849 &#8211; 1910"},"content":{"rendered":"<p><strong>Un hommage illustr\u00e9 consacr\u00e9 \u00e0un des plus grands m\u00e9c\u00e8nes du mus\u00e9e de Grenoble.<\/strong><\/p>\n<p>Il y a une centaine d\u2019ann\u00e9es, le 15 juillet 1910, disparaissait tragiquement dans les eaux du M\u00e9kong le g\u00e9n\u00e9ral L\u00e9on de Beyli\u00e9. Figure incontournable de l\u2019histoire du mus\u00e9e de Grenoble pour la fin du XIXe si\u00e8cle et le d\u00e9but du XXe, il est en effet, par ses dons d\u2019une exceptionnelle richesse, son plus important m\u00e9c\u00e8ne.<br \/>\nD\u2019une \u00e9nergie infatigable, d\u2019une curiosit\u00e9 tous azimuts, il contribua \u00e0 l\u2019enrichissement des collections dans les domaines les plus vari\u00e9s. Aristocrate \u00e0 la culture encyclop\u00e9dique, militaire de carri\u00e8re dans l\u2019infanterie de marine, voyageur savant et curieux de toutes les cultures et de tous les arts, le g\u00e9n\u00e9ral de Beyli\u00e9 a toujours accord\u00e9 une place \u00e0part au mus\u00e9e de Grenoble: <em>Sainte Lucie<\/em>, tempera sur bois du XIIIe si\u00e8cle attribu\u00e9e \u00e0Jacopo Torriti, les quatre Zurbar\u00e1n, <em>Saint Florian<\/em>, sculpture en bois polychrome d\u2019un artiste allemand du XVIe si\u00e8cle, et le portrait d\u2019artiste d\u2019Ary Scheffer, dat\u00e9 de 1830, sont quelques-unes des \u0153uvres les plus prestigieuses des cent neuf pi\u00e8ces d\u2019art europ\u00e9en donn\u00e9es par L\u00e9on de Beyli\u00e9.<br \/>\nAu-del\u00e0de l\u2019Europe, son int\u00e9r\u00eat pour l\u2019arch\u00e9ologie l\u2019a conduit \u00e0faire des fouilles en Afrique du Nord aussi bien qu\u2019\u00e0d\u00e9couvrir les ruines d\u2019Angkor, sites patrimoniaux exceptionnels pour lesquels il a utilis\u00e9, toujours avec une \u00e9nergie et une g\u00e9n\u00e9rosit\u00e9 sans faille, les moyens dont il disposait pour am\u00e9liorer la connaissance qu\u2019on en avait et participer \u00e0leur sauvegarde et \u00e0leur mise en valeur.<\/p>\n<p><strong>Danielle Bal<\/strong> est conservateur au mus\u00e9e de Grenoble o\u00f9 elle est charg\u00e9e du d\u00e9partement sculptures et objets du mus\u00e9e.<br \/>\n<strong>Jean-Fran\u00e7ois Klein<\/strong> est Ma\u00eetre de conf\u00e9rences d\u2019Histoire contemporaine au d\u00e9partement Asie du Sud-est de l\u2019Institut National des langues et Civilisations orientales (INALCO) et chercheur au Centre Roland Mousnier, Paris IV-Sorbonne. Il est sp\u00e9cialiste de l\u2019Indochine fran\u00e7aise et d\u2019histoire des connections imp\u00e9riales, plus particuli\u00e8rement au XIXe si\u00e8cle.<br \/>\n<strong>Roland Mourer<\/strong>, ancien conservateur en chef du D\u00e9partement des Sciences de l\u2019Homme au Mus\u00e9um d\u2019Histoire naturelle de Lyon, est docteur d\u2019\u00e9tat \u00e8s-lettres et sciences humaines pour une th\u00e8se d\u2019ethnologie sur le Cambodge o\u00f9 il a enseign\u00e9 de nombreuses ann\u00e9es \u00e0 l\u2019universit\u00e9 de Phnom-Penh.<br \/>\n<strong>Caroline Herbelin<\/strong> est doctorante en Histoire de l\u2019art \u00e0 l\u2019Universit\u00e9 de Paris IV Sorbonne. Elle a enseign\u00e9 Histoire de l\u2019art chinois dans cette m\u00eame universit\u00e9 et est \u00e0pr\u00e9sent charg\u00e9e de cours d\u2019Histoire de l\u2019art vietnamien \u00e0 l\u2019Universit\u00e9 de Paris 7 Denis Diderot.<\/p>\n","protected":false},"excerpt":{"rendered":"<p>Un hommage illustr\u00e9 consacr\u00e9 \u00e0un des plus grands m\u00e9c\u00e8nes du mus\u00e9e de Grenoble. Il y a une centaine d\u2019ann\u00e9es, le 15 juillet 1910, disparaissait tragiquement dans les eaux du M\u00e9kong le g\u00e9n\u00e9ral L\u00e9on de Beyli\u00e9. Figure incontournable de l\u2019histoire du mus\u00e9e de Grenoble pour la fin du XIXe si\u00e8cle et le d\u00e9but du XXe, il&hellip;<\/p>\n","protected":false},"featured_media":6883,"template":"","meta":{"_acf_changed":false,"inline_featured_image":false},"product_brand":[],"product_cat":[67],"product_tag":[],"class_list":{"0":"post-6906","1":"product","2":"type-product","3":"status-publish","4":"has-post-thumbnail","6":"product_cat-autour-de-lart","7":"disponibilita-no","8":"description-off","10":"first","11":"outofstock","12":"shipping-taxable","13":"purchasable","14":"product-type-simple"},"acf":[],"_links":{"self":[{"href":"https:\/\/www.fivecontinentseditions.com\/fr\/wp-json\/wp\/v2\/product\/6906","targetHints":{"allow":["GET"]}}],"collection":[{"href":"https:\/\/www.fivecontinentseditions.com\/fr\/wp-json\/wp\/v2\/product"}],"about":[{"href":"https:\/\/www.fivecontinentseditions.com\/fr\/wp-json\/wp\/v2\/types\/product"}],"wp:featuredmedia":[{"embeddable":true,"href":"https:\/\/www.fivecontinentseditions.com\/fr\/wp-json\/wp\/v2\/media\/6883"}],"wp:attachment":[{"href":"https:\/\/www.fivecontinentseditions.com\/fr\/wp-json\/wp\/v2\/media?parent=6906"}],"wp:term":[{"taxonomy":"product_brand","embeddable":true,"href":"https:\/\/www.fivecontinentseditions.com\/fr\/wp-json\/wp\/v2\/product_brand?post=6906"},{"taxonomy":"product_cat","embeddable":true,"href":"https:\/\/www.fivecontinentseditions.com\/fr\/wp-json\/wp\/v2\/product_cat?post=6906"},{"taxonomy":"product_tag","embeddable":true,"href":"https:\/\/www.fivecontinentseditions.com\/fr\/wp-json\/wp\/v2\/product_tag?post=6906"}],"curies":[{"name":"wp","href":"https:\/\/api.w.org\/{rel}","templated":true}]}}