{"id":4803,"date":"2007-02-01T05:00:00","date_gmt":"2007-02-01T05:00:00","guid":{"rendered":"http:\/\/www.fivecontinentseditions.com\/prodotto\/raymond-humbert-2\/"},"modified":"2018-04-17T09:51:35","modified_gmt":"2018-04-17T09:51:35","slug":"raymond-humbert-2","status":"publish","type":"product","link":"https:\/\/www.fivecontinentseditions.com\/fr\/p\/raymond-humbert-2\/","title":{"rendered":"Raymond Humbert"},"content":{"rendered":"<p><strong>Dessiner, peindre, collectionner, Raymond Humbert en \u00e9prouve tr\u00e8s t\u00f4t la n\u00e9cessit\u00e9. <\/strong><\/p>\n<p>Il quitte sa Lorraine natale pour Paris. Il entre aux Arts D\u00e9coratifs puis aux Beaux Arts. En 1958, il obtient le Premier Grand Prix de Rome mais ce n\u2019est pas dans ses premi\u00e8res oeuvres qu\u2019il faut chercher le v\u00e9ritable Raymond Humbert. A Laduz, dans l\u2019Yonne, il s\u2019installe d\u00e9finitivement avec sa famille en 1969 et fait des s\u00e9jours r\u00e9guliers sur la c\u00f4te rocheuse de Porspoder, la nature devient son sujet de pr\u00e9dilection. Depuis cette p\u00e9riode jusqu\u2019en 1990, ll pratique son art quasiment dans l\u2019anonymat.<br \/>\nSa peinture, c\u2019\u00e9tait une respiration n\u00e9cessaire, parmi le jardin de Laduz ou sur les gr\u00e8ves vent\u00e9es de Porspoder. Raymond Humbert a progressivement renonc\u00e9 \u00e0\u201c l\u2019intimit\u00e9 \u201c de ses premiers ateliers o\u00f9 il usait d\u2019une palette nuanc\u00e9e qui permet d\u2019\u00e9voquer Vuillard, Bonnard&#8230; Braque, pour faire corps avec la nature, non dans le but de la repr\u00e9senter mais de la ressentir, au gr\u00e9 des saisons, m\u00ealant graphisme vigoureux et \u00e9clatement color\u00e9.<br \/>\nRaymond Humbert avait aussi le culte de l\u2019objet. Sa pr\u00e9sence lui \u00e9tait n\u00e9cessaire. Il en cherchait l\u2019origine et de ce fait, il s\u2019int\u00e9ressait \u00e0 l\u2019histoire des hommes. \u201c Le collectionneur \u201c insatiable n\u2019avait de cesse de cr\u00e9er son mus\u00e9e, celui des Arts Populaires de Laduz. Le collectionneur aimait l\u2019accumulation, le peintre la privil\u00e9gia, avec le souci, peut-\u00eatre, de vouloir tout dire, tant qu\u2019il \u00e9tait encore temps, de couvrir et de remplir de grands formats, d\u2019une \u00e9criture quasi m\u00e9diumnique &#8211; Laduz, dans sa vitalit\u00e9 organique, dans sa s\u00e8ve &#8211; Porspoder, nature marine changeante puis soumise, par le jeu des blancs et des noirs, \u00e0une stricte stylisation. Dans les derni\u00e8res oeuvres de sa vie, il reviendra aux natures mortes aux th\u00e8mes r\u00e9p\u00e9titifs et obsessionnels. Une qu\u00eate de l\u2019insolite qu\u2019il captait dans ces terrines \u00e0li\u00e8vres en terre verniss\u00e9e &#8211; gisants ou sarcophages, autant d\u2019interrogations sur l\u2019apparence et le contenu &#8211; jusqu\u2019\u00e0ces vanit\u00e9s, pour ne pas dire des ossuaires &#8211; oeuvres de m\u00e9ditation.<\/p>\n<p><strong>Philippe Chabert<\/strong>, conservateur en chef du Patrimoine. En tant que Directeur du Mus\u00e9e d\u2019Art Moderne de Troyes, il a r\u00e9alis\u00e9 deux expositions Raymond Humbert &#8211; en 1995 et en 2000 &#8211; et il lui a consacr\u00e9 plusieurs \u00e9crits.<br \/>\n<strong>Jean-Marie Lh\u00f4te<\/strong>, ancien Directeur de la Maison de la Culture d\u2019Amiens. Charg\u00e9 de Mission aupr\u00e8s de Fran\u00e7ois Mathey, Conservateur en chef du Mus\u00e9e des Arts d\u00e9coratifs &#8211; Paris.<\/p>\n","protected":false},"excerpt":{"rendered":"<p>Dessiner, peindre, collectionner, Raymond Humbert en \u00e9prouve tr\u00e8s t\u00f4t la n\u00e9cessit\u00e9. Il quitte sa Lorraine natale pour Paris. Il entre aux Arts D\u00e9coratifs puis aux Beaux Arts. En 1958, il obtient le Premier Grand Prix de Rome mais ce n\u2019est pas dans ses premi\u00e8res oeuvres qu\u2019il faut chercher le v\u00e9ritable Raymond Humbert. A Laduz, dans&hellip;<\/p>\n","protected":false},"featured_media":4780,"template":"","meta":{"_acf_changed":false,"inline_featured_image":false},"product_brand":[],"product_cat":[57],"product_tag":[],"class_list":{"0":"post-4803","1":"product","2":"type-product","3":"status-publish","4":"has-post-thumbnail","6":"product_cat-art-contemporain","7":"disponibilita-si","8":"description-off","10":"first","11":"instock","12":"shipping-taxable","13":"purchasable","14":"product-type-simple"},"acf":[],"_links":{"self":[{"href":"https:\/\/www.fivecontinentseditions.com\/fr\/wp-json\/wp\/v2\/product\/4803","targetHints":{"allow":["GET"]}}],"collection":[{"href":"https:\/\/www.fivecontinentseditions.com\/fr\/wp-json\/wp\/v2\/product"}],"about":[{"href":"https:\/\/www.fivecontinentseditions.com\/fr\/wp-json\/wp\/v2\/types\/product"}],"wp:featuredmedia":[{"embeddable":true,"href":"https:\/\/www.fivecontinentseditions.com\/fr\/wp-json\/wp\/v2\/media\/4780"}],"wp:attachment":[{"href":"https:\/\/www.fivecontinentseditions.com\/fr\/wp-json\/wp\/v2\/media?parent=4803"}],"wp:term":[{"taxonomy":"product_brand","embeddable":true,"href":"https:\/\/www.fivecontinentseditions.com\/fr\/wp-json\/wp\/v2\/product_brand?post=4803"},{"taxonomy":"product_cat","embeddable":true,"href":"https:\/\/www.fivecontinentseditions.com\/fr\/wp-json\/wp\/v2\/product_cat?post=4803"},{"taxonomy":"product_tag","embeddable":true,"href":"https:\/\/www.fivecontinentseditions.com\/fr\/wp-json\/wp\/v2\/product_tag?post=4803"}],"curies":[{"name":"wp","href":"https:\/\/api.w.org\/{rel}","templated":true}]}}