{"id":35285,"date":"2025-12-17T13:06:46","date_gmt":"2025-12-17T13:06:46","guid":{"rendered":"https:\/\/www.fivecontinentseditions.com\/?post_type=product&#038;p=35285"},"modified":"2025-12-19T14:39:23","modified_gmt":"2025-12-19T14:39:23","slug":"racines-roots","status":"publish","type":"product","link":"https:\/\/www.fivecontinentseditions.com\/fr\/p\/racines-roots\/","title":{"rendered":"Racines | Roots"},"content":{"rendered":"<p><em>Avec un essai de Garance Primat. Pr\u00e9face de Fr\u00e9d\u00e9ric Lenoir, textes de B\u00e9reng\u00e8re Baucher <\/em><\/p>\n<p><em>Racines <\/em>|<em> Roots<\/em> est un livre d\u2019art vibrant, reflet de la vision unique d\u2019une collectionneuse, m\u00e9c\u00e8ne et entrepreneuse passionn\u00e9e. Garance Primat y d\u00e9voile une s\u00e9lection d\u2019\u0153uvres puis\u00e9es au c\u0153ur de sa recherche esth\u00e9tique et spirituelle. Pour elle, l\u2019art est une force vitale : des racines profondes nourrissent notre \u00eatre et nous relient \u00e0 la nature, permettant \u00e0 l\u2019\u00eatre de s\u2019\u00e9panouir tel un arbre. Issue d\u2019une famille sensible \u00e0 la nature et \u00e0 l\u2019art, elle a aff\u00fbt\u00e9 son regard au contact de diff\u00e9rentes cultures lors de ses voyages, notamment en Australie et aux \u00c9tats-Unis. Cette qu\u00eate l\u2019a inspir\u00e9e pour reprendre le Domaine des \u00c9tangs, en Charente Limousine.<\/p>\n<p>L\u2019art contemporain, avec sa capacit\u00e9 \u00e0 interroger le monde et \u00e0 fa\u00e7onner l\u2019avenir, occupe une place de choix dans sa collection \u00e9clectique, dialoguant avec l\u2019art moderne, l\u2019art du monde, les min\u00e9raux et les objets porteurs de sagesse. Garance Primat nous invite \u00e0 une exploration sensible de l\u2019universel, l\u00e0 o\u00f9 les mots peinent \u00e0 saisir l\u2019interconnexion du vivant. Un message originel \u00e9merge de la \u00ab racine \u00bb des choses, \u00e9veillant une conscience commune.<\/p>\n<p>Ce livre, construit autour de l\u2019\u00e9tymologie de sept mots cl\u00e9s li\u00e9s \u00e0 la nature et \u00e0 l\u2019univers, est une invitation \u00e0 se laisser porter par le sensible, \u00e0 d\u00e9couvrir les liens invisibles qui nous unissent.<\/p>\n<p>Le Domaine des \u00c9tangs, devient sous l\u2019impulsion de <strong>Garance Primat<\/strong> un lieu ouvert au public o\u00f9 dialoguent art, science et environnement. Sur pr\u00e8s de 1 000 hectares de nature pr\u00e9serv\u00e9e \u2013 for\u00eats, prairies, \u00e9tangs et jardins en permaculture \u2013, elle d\u00e9ploie une approche holistique qui m\u00eale pr\u00e9servation de la biodiversit\u00e9, valorisation du patrimoine rural et engagement artistique. Le ch\u00e2teau du\u00a0XIII<sup>e\u00a0<\/sup>si\u00e8cle et ses d\u00e9pendances, restaur\u00e9s dans le respect des savoir-faire anciens et des mat\u00e9riaux locaux, accueillent aujourd\u2019hui \u0153uvres d\u2019art, r\u00e9sidences, expositions et temps de r\u00e9flexion. Au c\u0153ur de cette d\u00e9marche, sa collection d\u2019art contemporain prend forme comme un \u00e9cho po\u00e9tique \u00e0 la nature qui l\u2019entoure. Port\u00e9e par la symbolique de la libellule \u2013 messag\u00e8re de m\u00e9tamorphose \u2013, la Collection Garance Primat rassemble plus d\u2019un millier d\u2019\u0153uvres. Elle cr\u00e9e des ponts entre les figures majeures du XX<sup>e<\/sup> si\u00e8cle \u2013 tels Yves Klein ou Pablo Picasso \u2013 et les voix les plus marquantes de l\u2019art d\u2019aujourd\u2019hui : Lee Ufan, Tom\u00e1s Saraceno, Alicja Kwade, \u00d3lafur El\u00edasson, Anselm Kiefer ou encore Richard Long.<\/p>\n<p><strong>B\u00e9reng\u00e8re Baucher<\/strong> est directrice \u00e9ditoriale aux Presses de la Cit\u00e9. Docteure en litt\u00e9rature fran\u00e7aise, elle a \u00e9t\u00e9 enseignante-chercheuse, puis a travaill\u00e9 dix ans aux \u00e9ditions Le Robert, comme lexicographe puis directrice litt\u00e9raire aux c\u00f4t\u00e9s d\u2019Alain Rey.<\/p>\n<p><strong>Fr\u00e9d\u00e9ric Lenoir<\/strong>, philosophe et sociologue, est docteur de l\u2019\u00c9cole des hautes \u00c9tudes en sciences sociales (EHESS). Auteur d\u2019une cinquantaine d\u2019ouvrages traduits dans une vingtaine de langues, il \u00e9crit aussi pour le th\u00e9\u00e2tre, la t\u00e9l\u00e9vision (documentaires) et la bande dessin\u00e9e.En 2016, il cofonde la Fondation et l\u2019association SEVE, Savoir \u00catre et Vivre Ensemble et en 2017, il cr\u00e9e l\u2019association Ensemble pour les Animaux. En 2024, il fonde La Maison des sagesses afin de diffuser une connaissance philosophique au sens d\u2019un art de vivre, tel que les Grecs l\u2019entendaient.<\/p>\n<p><a href=\"https:\/\/www.fondationopale.ch\/expositions\/racines\/\" target=\"_blank\" rel=\"noopener\">Exposition : Fondation Opale, Lens-Crans Montana, Valais, du 21 d\u00e9cembre 2025 au 12 avril 2026<\/a><\/p>\n","protected":false},"excerpt":{"rendered":"<p>Avec un essai de Garance Primat. Pr\u00e9face de Fr\u00e9d\u00e9ric Lenoir, textes de B\u00e9reng\u00e8re Baucher Racines | Roots est un livre d\u2019art vibrant, reflet de la vision unique d\u2019une collectionneuse, m\u00e9c\u00e8ne et entrepreneuse passionn\u00e9e. Garance Primat y d\u00e9voile une s\u00e9lection d\u2019\u0153uvres puis\u00e9es au c\u0153ur de sa recherche esth\u00e9tique et spirituelle. Pour elle, l\u2019art est une force&hellip;<\/p>\n","protected":false},"featured_media":35376,"template":"","meta":{"_acf_changed":false,"inline_featured_image":false},"product_brand":[],"product_cat":[57],"product_tag":[],"class_list":{"0":"post-35285","1":"product","2":"type-product","3":"status-publish","4":"has-post-thumbnail","6":"product_cat-art-contemporain","7":"disponibilita-si","8":"description-off","10":"first","11":"instock","12":"featured","13":"shipping-taxable","14":"purchasable","15":"product-type-simple"},"acf":[],"_links":{"self":[{"href":"https:\/\/www.fivecontinentseditions.com\/fr\/wp-json\/wp\/v2\/product\/35285","targetHints":{"allow":["GET"]}}],"collection":[{"href":"https:\/\/www.fivecontinentseditions.com\/fr\/wp-json\/wp\/v2\/product"}],"about":[{"href":"https:\/\/www.fivecontinentseditions.com\/fr\/wp-json\/wp\/v2\/types\/product"}],"wp:featuredmedia":[{"embeddable":true,"href":"https:\/\/www.fivecontinentseditions.com\/fr\/wp-json\/wp\/v2\/media\/35376"}],"wp:attachment":[{"href":"https:\/\/www.fivecontinentseditions.com\/fr\/wp-json\/wp\/v2\/media?parent=35285"}],"wp:term":[{"taxonomy":"product_brand","embeddable":true,"href":"https:\/\/www.fivecontinentseditions.com\/fr\/wp-json\/wp\/v2\/product_brand?post=35285"},{"taxonomy":"product_cat","embeddable":true,"href":"https:\/\/www.fivecontinentseditions.com\/fr\/wp-json\/wp\/v2\/product_cat?post=35285"},{"taxonomy":"product_tag","embeddable":true,"href":"https:\/\/www.fivecontinentseditions.com\/fr\/wp-json\/wp\/v2\/product_tag?post=35285"}],"curies":[{"name":"wp","href":"https:\/\/api.w.org\/{rel}","templated":true}]}}