{"id":34526,"date":"2025-11-10T10:52:25","date_gmt":"2025-11-10T10:52:25","guid":{"rendered":"https:\/\/www.fivecontinentseditions.com\/?post_type=product&#038;p=34526"},"modified":"2025-11-10T10:59:45","modified_gmt":"2025-11-10T10:59:45","slug":"bruno-sassarone-paris","status":"publish","type":"product","link":"https:\/\/www.fivecontinentseditions.com\/fr\/p\/bruno-sassarone-paris\/","title":{"rendered":"Bruno Sassarone, Paris"},"content":{"rendered":"<p><em>Photographies de Bruno Sassarone. Pr\u00e9face d\u2019Aurore Cl\u00e9ment<\/em><\/p>\n<p>La s\u00e9rie th\u00e9matique Paris propose une approche abstraite de la repr\u00e9sentation de la ville, tout en se fondant sur un rapport direct au r\u00e9el, dans la lign\u00e9e de la photographie moderniste. Elle s\u2019en distingue toutefois par un perfectionnement obtenu gr\u00e2ce \u00e0 la retouche num\u00e9rique.<\/p>\n<p>L\u2019ombre est un \u00e9l\u00e9ment essentiel participant \u00e0 la simplification du r\u00e9el et dissocie le lieu de son identification visuelle traditionnelle. L\u2019\u00e9pure ainsi cr\u00e9\u00e9e permet de transfigurer, dans sa radicalit\u00e9, la reproduction de Paris, en d\u00e9passant la vocation purement descriptive de la photographie. Au premier regard, l\u2019observateur appr\u00e9hende le contraste de l\u2019image dans sa globalit\u00e9, seules les lignes claires se d\u00e9tachent de l\u2019ombre. Apr\u00e8s une p\u00e9riode d\u2019adaptation de\u00a0l\u2019\u0153il, les d\u00e9tails des zones d\u2019ombre se r\u00e9v\u00e8lent pour donner un second sens \u00e0 la photographie et en enrichir la perception.<\/p>\n<p>La vision de Paris est alors red\u00e9couverte, en passant de l\u2019ombre \u00e0 l\u2019abstraction.<\/p>\n<p><strong>Bruno Sassarone<\/strong>, n\u00e9 en 1975, vit et travaille \u00e0 Paris. Titulaire d\u2019un master de droit, il a interrompu sa carri\u00e8re juridique apr\u00e8s avoir remport\u00e9 en 2005 le prix Canon du magazine <em>Photo<\/em> et r\u00e9alis\u00e9 la couverture du num\u00e9ro de janvier-f\u00e9vrier 2006. Depuis 2008, son travail a \u00e9t\u00e9 expos\u00e9 en galeries \u00e0 Paris et Bruxelles. Dans le cadre de concours, il a fait l\u2019objet d\u2019expositions \u00e0 Paris, \u00e0 la Maison europ\u00e9enne de la Photographie en 2008, (SFR Jeunes Talents), et \u00e0 Saint-Tropez en 2019 (Fondation M\u00e9c\u00e9nat Chirurgie Cardiaque). En 2022, le Studio Harcourt Paris lui a consacr\u00e9 une exposition pr\u00e9sentant une soixantaine de photographies.<\/p>\n<p>Com\u00e9dienne fran\u00e7aise, de cin\u00e9ma et de th\u00e9\u00e2tre, d\u00e9couverte par Louis Malle, <strong>Aurore Cl\u00e9ment<\/strong> a pos\u00e9 tout au long de sa carri\u00e8re avec les plus grands photographes, Peter Lindbergh, Richard Avedon et David Bailey notamment. Un livre de photographies de Peter Wyss lui a \u00e9t\u00e9 consacr\u00e9, <em>Une femme sans fin s\u2019enfuit<\/em>, \u00e9crit par Mathieu Terence et \u00e9dit\u00e9 par the(M) \u00e9ditions en 2002. Aurore a rencontr\u00e9 Bruno Sassarone \u00e0 l\u2019occasion d\u2019une de ses expositions parisiennes et a bien voulu pr\u00e9facer son ouvrage sur Paris, en t\u00e9moignage de son amiti\u00e9 et de l\u2019int\u00e9r\u00eat qu\u2019elle porte \u00e0 son travail.<\/p>\n","protected":false},"excerpt":{"rendered":"<p>Photographies de Bruno Sassarone. Pr\u00e9face d\u2019Aurore Cl\u00e9ment La s\u00e9rie th\u00e9matique Paris propose une approche abstraite de la repr\u00e9sentation de la ville, tout en se fondant sur un rapport direct au r\u00e9el, dans la lign\u00e9e de la photographie moderniste. Elle s\u2019en distingue toutefois par un perfectionnement obtenu gr\u00e2ce \u00e0 la retouche num\u00e9rique. L\u2019ombre est un \u00e9l\u00e9ment&hellip;<\/p>\n","protected":false},"featured_media":34920,"template":"","meta":{"_acf_changed":false,"inline_featured_image":false},"product_brand":[],"product_cat":[73],"product_tag":[],"class_list":{"0":"post-34526","1":"product","2":"type-product","3":"status-publish","4":"has-post-thumbnail","6":"product_cat-photographie","7":"disponibilita-si","8":"description-off","10":"first","11":"instock","12":"featured","13":"shipping-taxable","14":"purchasable","15":"product-type-simple"},"acf":[],"_links":{"self":[{"href":"https:\/\/www.fivecontinentseditions.com\/fr\/wp-json\/wp\/v2\/product\/34526","targetHints":{"allow":["GET"]}}],"collection":[{"href":"https:\/\/www.fivecontinentseditions.com\/fr\/wp-json\/wp\/v2\/product"}],"about":[{"href":"https:\/\/www.fivecontinentseditions.com\/fr\/wp-json\/wp\/v2\/types\/product"}],"wp:featuredmedia":[{"embeddable":true,"href":"https:\/\/www.fivecontinentseditions.com\/fr\/wp-json\/wp\/v2\/media\/34920"}],"wp:attachment":[{"href":"https:\/\/www.fivecontinentseditions.com\/fr\/wp-json\/wp\/v2\/media?parent=34526"}],"wp:term":[{"taxonomy":"product_brand","embeddable":true,"href":"https:\/\/www.fivecontinentseditions.com\/fr\/wp-json\/wp\/v2\/product_brand?post=34526"},{"taxonomy":"product_cat","embeddable":true,"href":"https:\/\/www.fivecontinentseditions.com\/fr\/wp-json\/wp\/v2\/product_cat?post=34526"},{"taxonomy":"product_tag","embeddable":true,"href":"https:\/\/www.fivecontinentseditions.com\/fr\/wp-json\/wp\/v2\/product_tag?post=34526"}],"curies":[{"name":"wp","href":"https:\/\/api.w.org\/{rel}","templated":true}]}}