{"id":33736,"date":"2025-08-25T15:56:29","date_gmt":"2025-08-25T15:56:29","guid":{"rendered":"https:\/\/www.fivecontinentseditions.com\/?post_type=product&#038;p=33736"},"modified":"2025-10-09T13:38:16","modified_gmt":"2025-10-09T13:38:16","slug":"ernst-gamperl-urkraft","status":"publish","type":"product","link":"https:\/\/www.fivecontinentseditions.com\/fr\/p\/ernst-gamperl-urkraft\/","title":{"rendered":"Ernst Gamperl Urkraft"},"content":{"rendered":"<p><em>Textes de Antonia Bostr\u00f6m, Lord David Cholmondeley, <\/em><em>Michele De Lucchi,<\/em><em> Frank Matthias Kammel<\/em><em> e<\/em><em>t<\/em><em> Sarah <\/em><em>M<\/em><em>yerscough<\/em><\/p>\n<p>Pour l\u2019artiste de renomm\u00e9e internationale qu\u2019est Ernst Gamperl, le dialogue avec le bois et le caract\u00e8re impr\u00e9visible de ce mat\u00e9riau sont \u00e0 la fois la source de son inspiration et la force motrice de son travail \u2013 un travail dont les traits distinctifs sont un lien \u00e9troit avec la nature et le respect de la mati\u00e8re vivante. Certains des bois qu\u2019il choisit de travailler proviennent d\u2019arbres majestueux et uniques, morts de leur belle mort apr\u00e8s avoir v\u00e9cu des dizaines ou des centaines d\u2019ann\u00e9es au c\u0153ur de la nature.<\/p>\n<p>Partie int\u00e9grante de la cr\u00e9ation, les arbres sont des symboles de vie et de force, dont Gamperl \u201cper\u00e7oit\u201d l\u2019essence m\u00eame pour les avoir longtemps \u00e9tudi\u00e9s au point de vivre en symbiose avec eux. Sa capacit\u00e9 \u00e0 conjuguer une approche non conventionnelle de la mati\u00e8re, une technique r\u00e9volutionnaire et une interpr\u00e9tation originale, nourrie par des ann\u00e9es de pratique, se concr\u00e9tise dans des sculptures puissantes, \u00e0 l\u2019\u00e9l\u00e9gance et au charisme sans pareils, d\u00e9fiant les limites de la technique et enthousiasmant le spectateur, men\u00e9 \u00e0 d\u00e9couvrir en elles quelque chose de profond\u00e9ment original, quelque chose qu\u2019il n\u2019a jamais vu auparavant.<\/p>\n<p>La pr\u00e9sente monographie parcourt avec exhaustivit\u00e9 la vie et l\u2019\u0153uvre d\u2019<strong>Ernst Gamperl<\/strong>, dont la carri\u00e8re hors du commun s\u2019\u00e9tend sur pr\u00e8s de quarante ans. N\u00e9 \u00e0 Munich, il a appris le travail du bois en autodidacte, et ses cr\u00e9ations ont tr\u00e8s t\u00f4t attir\u00e9 l\u2019attention des milieux artistiques internationaux. Le fait qu\u2019il vive et travaille en Italie du Nord, non loin de Milan, a fait le reste, gr\u00e2ce \u00e0 la fr\u00e9quentation d\u2019artistes, de musiciens, de designers, de photographes, de galeristes et de conservateurs. Son \u0153uvre est pr\u00e9sente dans nombre de mus\u00e9es et de collections priv\u00e9es du monde entier, dont la collection Issey Miyake au Japon, la fondation Loewe \u00e0 Madrid, le Victoria &amp; Albert Museum de Londres, l\u2019Amorepacific Museum of Art de S\u00e9oul, le Fonds National d\u2019Art Contemporain \u00e0 Paris et la Neue Sammlung de Munich. Entre autres distinctions, il a re\u00e7u en 2017 l\u2019un des prix les plus prestigieux r\u00e9compensant un artiste : le tout premier Craft Prize de la Fondation Loewe.<\/p>\n<p><strong>Antonia Bostr\u00f6m<\/strong>, historienne de l\u2019art, a travaill\u00e9 pour le Victoria &amp; Albert Museum de Londres, le Detroit Institute of Arts, le J. Paul Getty Museum de Los Angeles et le Nelson Atkins Museum of Art de Kansas City (Missouri). Sa sp\u00e9cialit\u00e9 est l\u2019oeuvre du sculpteur baroque Franz Xaver Messerschmidt, auquel le Getty Museum a consacr\u00e9 l\u2019exposition <em>Messerschmidt and Modernity <\/em>dont elle \u00e9tait la commissaire. Elle fait partie du comit\u00e9 du Craft Prize de la Fondation Loewe et elle est <em>trustee <\/em>de la Fondation Henry Moore.<\/p>\n<p><strong>Michele De Lucchi<\/strong>. Architecte, designer et artiste, il fut l\u2019un des protagonistes du mouvement Alchimia e Memphis ainsi que le responsable du design d\u2019Olivetti de 1988 \u00e0 2002. La lampe de bureau Tolomeo qu\u2019il dessina pour Artemide re\u00e7ut en 1989 le prix international Compasso d\u2019Oro, prix qui lui fut de nouveau d\u00e9cern\u00e9 en 2022, cette fois pour l\u2019ensemble de son \u0153uvre. Fondateur du studio milanais d\u2019architecture et de design AMDL CIRCLE, enseignant \u00e0 l\u2019Institut universitaire d\u2019architecture de Venise (IUAV) et \u00e0 l\u2019Ecole Polytechnique de Milan, r\u00e9dacteur invit\u00e9 de la revue <em>Domus <\/em>en 2018, il est officier de l\u2019Ordre des Arts et Lettres du minist\u00e8re fran\u00e7ais de la Culture.<\/p>\n<p><strong>Frank Matthias Kammel<\/strong>, historien de l\u2019art, dirige actuellement le Mus\u00e9e national bavarois de Munich. Il s\u2019est sp\u00e9cialis\u00e9 dans l\u2019art m\u00e9di\u00e9val. Il a travaill\u00e9 aupr\u00e8s des Mus\u00e9es nationaux de Berlin et a \u00e9t\u00e9 vice-directeur du Mus\u00e9e national germanique de Nuremberg. Il est l\u2019auteur de nombreuses publications sur la statuaire m\u00e9di\u00e9vale et sur le premier \u00e2ge moderne et participe, en tant qu\u2019expert en mati\u00e8re de sculpture et d\u2019art populaire religieux, \u00e0 l\u2019\u00e9mission <em>Kunst und Krempel <\/em>de la radio-t\u00e9l\u00e9vision bavaroise.<\/p>\n<p>Expositions :<\/p>\n<p><a href=\"https:\/\/www.bayerisches-nationalmuseum.de\/en\/visit\/exhibitions\/ernst-gamperl\" target=\"_blank\" rel=\"noopener\">Bayerisches Nationalmuseum, Munich, du 14 mai au 5 octobre 2025\u00a0<\/a><\/p>\n<p><a href=\"https:\/\/www.hwk-muenchen.de\/artikel\/ernst-gamperl-transformation-und-bewegung-74,0,11759.html\" target=\"_blank\" rel=\"noopener\">Galerie Handwerk, Munich, du 27 juin au 2 ao\u00fbt 2025<\/a><\/p>\n<p><a href=\"https:\/\/www.sarahmyerscough.com\/exhibitions\/69-ernst-gamperl-solo-show-gallery-solo-show-2025\/\" target=\"_blank\" rel=\"noopener\">Sarah Myerscough Gallery, Londres, du 13 octobre au 29 novembre 2025\u00a0<\/a><\/p>\n","protected":false},"excerpt":{"rendered":"<p>Textes de Antonia Bostr\u00f6m, Lord David Cholmondeley, Michele De Lucchi, Frank Matthias Kammel et Sarah Myerscough Pour l\u2019artiste de renomm\u00e9e internationale qu\u2019est Ernst Gamperl, le dialogue avec le bois et le caract\u00e8re impr\u00e9visible de ce mat\u00e9riau sont \u00e0 la fois la source de son inspiration et la force motrice de son travail \u2013 un travail&hellip;<\/p>\n","protected":false},"featured_media":33781,"template":"","meta":{"_acf_changed":false,"inline_featured_image":false},"product_brand":[],"product_cat":[57],"product_tag":[],"class_list":{"0":"post-33736","1":"product","2":"type-product","3":"status-publish","4":"has-post-thumbnail","6":"product_cat-art-contemporain","7":"disponibilita-si","8":"description-off","10":"first","11":"instock","12":"featured","13":"shipping-taxable","14":"purchasable","15":"product-type-simple"},"acf":[],"_links":{"self":[{"href":"https:\/\/www.fivecontinentseditions.com\/fr\/wp-json\/wp\/v2\/product\/33736","targetHints":{"allow":["GET"]}}],"collection":[{"href":"https:\/\/www.fivecontinentseditions.com\/fr\/wp-json\/wp\/v2\/product"}],"about":[{"href":"https:\/\/www.fivecontinentseditions.com\/fr\/wp-json\/wp\/v2\/types\/product"}],"wp:featuredmedia":[{"embeddable":true,"href":"https:\/\/www.fivecontinentseditions.com\/fr\/wp-json\/wp\/v2\/media\/33781"}],"wp:attachment":[{"href":"https:\/\/www.fivecontinentseditions.com\/fr\/wp-json\/wp\/v2\/media?parent=33736"}],"wp:term":[{"taxonomy":"product_brand","embeddable":true,"href":"https:\/\/www.fivecontinentseditions.com\/fr\/wp-json\/wp\/v2\/product_brand?post=33736"},{"taxonomy":"product_cat","embeddable":true,"href":"https:\/\/www.fivecontinentseditions.com\/fr\/wp-json\/wp\/v2\/product_cat?post=33736"},{"taxonomy":"product_tag","embeddable":true,"href":"https:\/\/www.fivecontinentseditions.com\/fr\/wp-json\/wp\/v2\/product_tag?post=33736"}],"curies":[{"name":"wp","href":"https:\/\/api.w.org\/{rel}","templated":true}]}}