{"id":33464,"date":"2025-06-16T09:18:04","date_gmt":"2025-06-16T09:18:04","guid":{"rendered":"https:\/\/www.fivecontinentseditions.com\/?post_type=product&#038;p=33464"},"modified":"2025-11-26T09:54:31","modified_gmt":"2025-11-26T09:54:31","slug":"lage-du-papier","status":"publish","type":"product","link":"https:\/\/www.fivecontinentseditions.com\/fr\/p\/lage-du-papier\/","title":{"rendered":"L&rsquo;\u00e2ge du papier"},"content":{"rendered":"<p><em>Sous la direction de Katia Poletti, avec des contributions de Sarah Burkhalter et Julien Schuh. Pr\u00e9face de Marina Ducrey<\/em><\/p>\n<p>Peintre, graveur, dessinateur, \u00e9crivain et critique d\u2019art, F\u00e9lix Vallotton (1865-1925) se distingue par son trait incisif, alliage de force d\u00e9corative et d\u2019expressivit\u00e9 mordante. Le renouveau qu\u2019il a insuffl\u00e9 \u00e0 la gravure sur bois dans les ann\u00e9es 1890 l\u2019a rapidement impos\u00e9 dans les cercles artistiques et litt\u00e9raires parisiens. Son talent d\u2019illustrateur et dessinateur de presse prolifique a propag\u00e9 sa notori\u00e9t\u00e9 bien au-del\u00e0 des fronti\u00e8res de la France et jusqu\u2019aux \u00c9tats-Unis. Il a illustr\u00e9 des bestsellers comme <em>Poil de Carotte<\/em>, de Jules Renard, et collabor\u00e9 aux p\u00e9riodiques d\u2019avant-garde les plus en vogue \u00e0 l\u2019\u00e9poque\u00a0: <em>La Revue blanche<\/em>, <em>Le Rire<\/em>, <em>Le Cri de Paris<\/em>, <em>L\u2019Assiette au beurre<\/em>, <em>Le Canard sauvage<\/em>, \u00e0 Paris, <em>Jugend<\/em> et <em>Die Insel<\/em>, \u00e0 Munich et Berlin, <em>The Studio<\/em>, \u00e0 Londres, <em>The<\/em> <em>Century Illustrated Monthly Magazine<\/em>, \u00e0 New York, entre autres.<\/p>\n<p>Cet ouvrage, qui r\u00e9unit des essais critiques et une s\u00e9lection d\u2019environ 250 reproductions, explore cet aspect m\u00e9connu de l\u2019\u0153uvre de Vallotton. Il para\u00eet \u00e0 l\u2019occasion de la mise en ligne de <em>F\u00e9lix Vallotton illustrateur. Catalogue raisonn\u00e9<\/em> (Lausanne, Fondation F\u00e9lix Vallotton &amp; Lausanne\/Zurich, Institut suisse pour l\u2019\u00e9tude de l\u2019art (SIK-ISEA), Volume 32 de la s\u00e9rie \u00ab Catalogues raisonn\u00e9s d\u2019artistes suisses \u00bb).<\/p>\n<p><strong>Katia Poletti<\/strong> est conservatrice de la Fondation F\u00e9lix Vallotton, \u00e0 Lausanne. Elle est l\u2019auteure de <em>F\u00e9lix Vallotton illustrateur. Catalogue raisonn\u00e9<\/em> (en ligne) et co-commissaire de la r\u00e9trospective \u00ab Vallotton Forever \u00bb (Lausanne, 2025). Auparavant, elle a collabor\u00e9 au catalogue raisonn\u00e9 <em>F\u00e9lix Vallotton. L\u2019\u0153uvre peint<\/em> (2005) et a assur\u00e9 le co-commissariat de plusieurs r\u00e9trospectives de l\u2019artiste.<\/p>\n<p><strong>Sarah Burkhalter<\/strong> est responsable de l\u2019Antenne romande et membre de la Direction de l\u2019Institut suisse pour l\u2019\u00e9tude de l\u2019art (SIK-ISEA). Titulaire d\u2019un doctorat en Histoire de l\u2019art, elle a codirig\u00e9 avec Katia Poletti le projet de recherche FNS <em>F\u00e9lix Vallotton illustrateur. Catalogue raisonn\u00e9<\/em> (en ligne) dont elle est l\u2019une des auteures.<\/p>\n<p><strong>Julien Schuh<\/strong> est professeur de Litt\u00e9rature fran\u00e7aise \u00e0 l&rsquo;Universit\u00e9 Paris Nanterre. Il est sp\u00e9cialiste de la litt\u00e9rature du XIX<sup>e<\/sup> si\u00e8cle, du livre et de la presse illustr\u00e9e et des humanit\u00e9s num\u00e9riques.<\/p>\n<p><strong>Marina Ducrey<\/strong> est l\u2019auteure du catalogue raisonn\u00e9 en trois volumes <em>F\u00e9lix Vallotton. L\u2019\u0153uvre peint<\/em>, qui a \u00e9t\u00e9 couronn\u00e9 du Prix SNA (Syndicat national des antiquaires) du livre d\u2019art 2005 et lui a valu d\u2019\u00eatre nomm\u00e9e Chevalier de l\u2019Ordre des Arts et des Lettres de la R\u00e9publique fran\u00e7aise. Elle est aujourd\u2019hui conservatrice honoraire et membre du Conseil de la Fondation F\u00e9lix Vallotton, \u00e0 Lausanne.<\/p>\n<p><a href=\"https:\/\/www.swissinfo.ch\/fre\/histoire\/f%C3%A9lix-vallotton-t%C3%A9moin-engag%C3%A9-des-remous-de-la-politique-fran%C3%A7aise\/89579376\" target=\"_blank\" rel=\"noopener\">F\u00e9lix Vallotton, t\u00e9moin engag\u00e9 des remous de la politique fran\u00e7aise &#8211; swissinfo.ch<\/a><\/p>\n<p><a href=\"https:\/\/www.bilan.ch\/story\/vallotton-illustrateur-se-voit-catalogue-en-livre-et-sur-internet-889365913473\" target=\"_blank\" rel=\"noopener\">Vallotton illustrateur se voit catalogu\u00e9 en livre et sur internet &#8211; Bilan.ch<\/a><\/p>\n<p><a href=\"https:\/\/www.rts.ch\/info\/culture\/arts-visuels\/2025\/article\/felix-vallotton-ses-illustrations-feroces-devoilees-dans-un-nouvel-ouvrage-28919927.html\" target=\"_blank\" rel=\"noopener\">Les dessins et illustrations f\u00e9roces du peintre F\u00e9lix Vallotton r\u00e9unis dans un ouvrage &#8211; RTS Culture<\/a><\/p>\n","protected":false},"excerpt":{"rendered":"<p>Sous la direction de Katia Poletti, avec des contributions de Sarah Burkhalter et Julien Schuh. Pr\u00e9face de Marina Ducrey Peintre, graveur, dessinateur, \u00e9crivain et critique d\u2019art, F\u00e9lix Vallotton (1865-1925) se distingue par son trait incisif, alliage de force d\u00e9corative et d\u2019expressivit\u00e9 mordante. Le renouveau qu\u2019il a insuffl\u00e9 \u00e0 la gravure sur bois dans les ann\u00e9es&hellip;<\/p>\n","protected":false},"featured_media":33474,"template":"","meta":{"_acf_changed":false,"inline_featured_image":false},"product_brand":[],"product_cat":[68,71],"product_tag":[],"class_list":{"0":"post-33464","1":"product","2":"type-product","3":"status-publish","4":"has-post-thumbnail","6":"product_cat-art-moderne","7":"product_cat-arts-graphiques","8":"disponibilita-si","9":"description-off","11":"first","12":"instock","13":"featured","14":"shipping-taxable","15":"purchasable","16":"product-type-simple"},"acf":[],"_links":{"self":[{"href":"https:\/\/www.fivecontinentseditions.com\/fr\/wp-json\/wp\/v2\/product\/33464","targetHints":{"allow":["GET"]}}],"collection":[{"href":"https:\/\/www.fivecontinentseditions.com\/fr\/wp-json\/wp\/v2\/product"}],"about":[{"href":"https:\/\/www.fivecontinentseditions.com\/fr\/wp-json\/wp\/v2\/types\/product"}],"wp:featuredmedia":[{"embeddable":true,"href":"https:\/\/www.fivecontinentseditions.com\/fr\/wp-json\/wp\/v2\/media\/33474"}],"wp:attachment":[{"href":"https:\/\/www.fivecontinentseditions.com\/fr\/wp-json\/wp\/v2\/media?parent=33464"}],"wp:term":[{"taxonomy":"product_brand","embeddable":true,"href":"https:\/\/www.fivecontinentseditions.com\/fr\/wp-json\/wp\/v2\/product_brand?post=33464"},{"taxonomy":"product_cat","embeddable":true,"href":"https:\/\/www.fivecontinentseditions.com\/fr\/wp-json\/wp\/v2\/product_cat?post=33464"},{"taxonomy":"product_tag","embeddable":true,"href":"https:\/\/www.fivecontinentseditions.com\/fr\/wp-json\/wp\/v2\/product_tag?post=33464"}],"curies":[{"name":"wp","href":"https:\/\/api.w.org\/{rel}","templated":true}]}}