{"id":29177,"date":"2023-09-22T05:00:00","date_gmt":"2023-09-22T05:00:00","guid":{"rendered":"https:\/\/www.fivecontinentseditions.com\/?post_type=product&#038;p=29177"},"modified":"2024-07-11T22:27:30","modified_gmt":"2024-07-11T22:27:30","slug":"yves-dana","status":"publish","type":"product","link":"https:\/\/www.fivecontinentseditions.com\/fr\/p\/yves-dana\/","title":{"rendered":"Yves Dana"},"content":{"rendered":"<p>Ce double volume d\u00e9di\u00e9 \u00e0 Yves Dana, sculpteur suisse d\u2019origine \u00e9gyptienne, poursuit de mani\u00e8re id\u00e9ale la monographie de 2015 \u00e9galement publi\u00e9e par 5 Continents Editions.<\/p>\n<p>La narration chronologique d\u00e9bute avec les \u0153uvres r\u00e9alis\u00e9es en 2017 et se poursuit jusqu\u2019\u00e0 nos jours, elle met en lumi\u00e8re le dialogue entre l\u2019artiste et la mati\u00e8re \u00e0 laquelle le processus cr\u00e9atif donne la parole. Comme le montre l\u2019entretien avec Marc-Alain Ouaknin publi\u00e9 dans cet ouvrage, pour Yves Dana, son travail consiste d\u2019abord \u00e0 observer ce que la mati\u00e8re a \u00e0 dire, \u00e0 observer avec les yeux, certes, mais aussi avec les mains.<\/p>\n<p>Aux yeux de l\u2019homme contemporain, ses sculptures se pr\u00e9sentent comme des vestiges arch\u00e9ologiques des civilisations les plus anciennes. Peut-\u00eatre faut-il voir l\u00e0 leur force extraordinaire\u00a0!<\/p>\n<p>&nbsp;<\/p>\n<p><strong>Marc-Alain Ouaknin<\/strong> est un philosophe et \u00e9crivain fran\u00e7ais. Il a suivi des \u00e9tudes pour devenir rabbin. Au cours de sa formation philosophique, il a approfondi la pens\u00e9e d\u2019Emmanuel Levinas et s\u2019est int\u00e9ress\u00e9 \u00e0 la psychanalyse et \u00e0 la ph\u00e9nom\u00e9nologie de la religion. Il dirige le Centre de recherches et d&rsquo;\u00e9tudes juives Aleph de Paris et enseigne la litt\u00e9rature \u00e0 l\u2019universit\u00e9 Bar-Ilan de Tel Aviv.<\/p>\n","protected":false},"excerpt":{"rendered":"<p>Ce double volume d\u00e9di\u00e9 \u00e0 Yves Dana, sculpteur suisse d\u2019origine \u00e9gyptienne, poursuit de mani\u00e8re id\u00e9ale la monographie de 2015 \u00e9galement publi\u00e9e par 5 Continents Editions. La narration chronologique d\u00e9bute avec les \u0153uvres r\u00e9alis\u00e9es en 2017 et se poursuit jusqu\u2019\u00e0 nos jours, elle met en lumi\u00e8re le dialogue entre l\u2019artiste et la mati\u00e8re \u00e0 laquelle le&hellip;<\/p>\n","protected":false},"featured_media":29975,"template":"","meta":{"_acf_changed":false,"inline_featured_image":false},"product_brand":[],"product_cat":[57],"product_tag":[],"class_list":{"0":"post-29177","1":"product","2":"type-product","3":"status-publish","4":"has-post-thumbnail","6":"product_cat-art-contemporain","7":"disponibilita-si","8":"description-off","10":"first","11":"instock","12":"shipping-taxable","13":"purchasable","14":"product-type-simple"},"acf":[],"_links":{"self":[{"href":"https:\/\/www.fivecontinentseditions.com\/fr\/wp-json\/wp\/v2\/product\/29177","targetHints":{"allow":["GET"]}}],"collection":[{"href":"https:\/\/www.fivecontinentseditions.com\/fr\/wp-json\/wp\/v2\/product"}],"about":[{"href":"https:\/\/www.fivecontinentseditions.com\/fr\/wp-json\/wp\/v2\/types\/product"}],"wp:featuredmedia":[{"embeddable":true,"href":"https:\/\/www.fivecontinentseditions.com\/fr\/wp-json\/wp\/v2\/media\/29975"}],"wp:attachment":[{"href":"https:\/\/www.fivecontinentseditions.com\/fr\/wp-json\/wp\/v2\/media?parent=29177"}],"wp:term":[{"taxonomy":"product_brand","embeddable":true,"href":"https:\/\/www.fivecontinentseditions.com\/fr\/wp-json\/wp\/v2\/product_brand?post=29177"},{"taxonomy":"product_cat","embeddable":true,"href":"https:\/\/www.fivecontinentseditions.com\/fr\/wp-json\/wp\/v2\/product_cat?post=29177"},{"taxonomy":"product_tag","embeddable":true,"href":"https:\/\/www.fivecontinentseditions.com\/fr\/wp-json\/wp\/v2\/product_tag?post=29177"}],"curies":[{"name":"wp","href":"https:\/\/api.w.org\/{rel}","templated":true}]}}