{"id":29100,"date":"2023-09-11T05:00:00","date_gmt":"2023-09-11T05:00:00","guid":{"rendered":"https:\/\/www.fivecontinentseditions.com\/?post_type=product&#038;p=29100"},"modified":"2023-10-04T09:17:04","modified_gmt":"2023-10-04T09:17:04","slug":"verso-reverso","status":"publish","type":"product","link":"https:\/\/www.fivecontinentseditions.com\/fr\/p\/verso-reverso\/","title":{"rendered":"Verso Reverso"},"content":{"rendered":"<p>Ce volume marque les d\u00e9buts \u00e9ditoriaux de Patricio Reig, photographe hispano-argentin r\u00e9sidant \u00e0 Milan, et met en lumi\u00e8re ce th\u00e8me fondamental qu\u2019est le portrait f\u00e9minin dans son travail. \u00c0 l\u2019aide de la photographie, Reig expose l\u2019\u00e9quilibre subtil de son imaginaire f\u00e9minin\u00a0: la face comme l\u2019\u00e9vidence, l\u2019envers comme son compl\u00e9ment essentiel. Ainsi, un visage et la nuque, le derri\u00e8re et le devant, la lumi\u00e8re et l\u2019ombre se rencontrent pour donner vie \u00e0 la magie d\u2019un portrait.<\/p>\n<p>Patricio Reig imprime et fixe ses images sur des papiers sp\u00e9ciaux provenant d\u2019Asie, pli\u00e9s et repli\u00e9s, et finalement plong\u00e9s dans un bain de caf\u00e9 et d\u2019hyposulfite de sodium. Le r\u00e9sultat obtenu le fascine depuis ses premi\u00e8res exp\u00e9rimentations : les taches de caf\u00e9 accidentelles deviennent des cicatrices qui caract\u00e9risent chaque photographie et, en cons\u00e9quence, chacune des histoires racont\u00e9es.<\/p>\n<p>Ainsi qu\u2019il le d\u00e9clare, \u00ab\u00a0un portrait n\u2019est pas l\u2019enregistrement unique d\u2019une identit\u00e9, mais la stratification de plusieurs autres \u00e9l\u00e9ments. C\u2019est pourquoi l\u2019image peut \u00eatre segment\u00e9e, recousue et m\u00eame pli\u00e9e sans rien perdre de son essence.\u00a0\u00bb<\/p>\n<p>&nbsp;<\/p>\n<p><strong>Patricio Reig<\/strong> (San Juan, Argentine, 1959), apr\u00e8s avoir obtenu un doctorat en architecture \u00e0 Barcelone, s\u2019engage sur la voie de la photographie en autodidacte. Sa carri\u00e8re se d\u00e9roule entre Barcelone, Buenos Aires et Milan o\u00f9 il vit et travaille. Il se passionne depuis toujours pour l\u2019exp\u00e9rimentation de proc\u00e9d\u00e9s photographiques alternatifs. Ses clich\u00e9s sont conserv\u00e9s dans diff\u00e9rentes collections publiques et priv\u00e9es d\u2019Am\u00e9rique, d\u2019Europe et d\u2019Asie.<\/p>\n","protected":false},"excerpt":{"rendered":"<p>Ce volume marque les d\u00e9buts \u00e9ditoriaux de Patricio Reig, photographe hispano-argentin r\u00e9sidant \u00e0 Milan, et met en lumi\u00e8re ce th\u00e8me fondamental qu\u2019est le portrait f\u00e9minin dans son travail. \u00c0 l\u2019aide de la photographie, Reig expose l\u2019\u00e9quilibre subtil de son imaginaire f\u00e9minin\u00a0: la face comme l\u2019\u00e9vidence, l\u2019envers comme son compl\u00e9ment essentiel. Ainsi, un visage et la&hellip;<\/p>\n","protected":false},"featured_media":29223,"template":"","meta":{"_acf_changed":false,"inline_featured_image":false},"product_brand":[],"product_cat":[73],"product_tag":[],"class_list":{"0":"post-29100","1":"product","2":"type-product","3":"status-publish","4":"has-post-thumbnail","6":"product_cat-photographie","7":"disponibilita-si","8":"description-off","10":"first","11":"outofstock","12":"shipping-taxable","13":"product-type-simple"},"acf":[],"_links":{"self":[{"href":"https:\/\/www.fivecontinentseditions.com\/fr\/wp-json\/wp\/v2\/product\/29100","targetHints":{"allow":["GET"]}}],"collection":[{"href":"https:\/\/www.fivecontinentseditions.com\/fr\/wp-json\/wp\/v2\/product"}],"about":[{"href":"https:\/\/www.fivecontinentseditions.com\/fr\/wp-json\/wp\/v2\/types\/product"}],"wp:featuredmedia":[{"embeddable":true,"href":"https:\/\/www.fivecontinentseditions.com\/fr\/wp-json\/wp\/v2\/media\/29223"}],"wp:attachment":[{"href":"https:\/\/www.fivecontinentseditions.com\/fr\/wp-json\/wp\/v2\/media?parent=29100"}],"wp:term":[{"taxonomy":"product_brand","embeddable":true,"href":"https:\/\/www.fivecontinentseditions.com\/fr\/wp-json\/wp\/v2\/product_brand?post=29100"},{"taxonomy":"product_cat","embeddable":true,"href":"https:\/\/www.fivecontinentseditions.com\/fr\/wp-json\/wp\/v2\/product_cat?post=29100"},{"taxonomy":"product_tag","embeddable":true,"href":"https:\/\/www.fivecontinentseditions.com\/fr\/wp-json\/wp\/v2\/product_tag?post=29100"}],"curies":[{"name":"wp","href":"https:\/\/api.w.org\/{rel}","templated":true}]}}