{"id":28311,"date":"2023-03-30T05:00:00","date_gmt":"2023-03-30T05:00:00","guid":{"rendered":"https:\/\/www.fivecontinentseditions.com\/?post_type=product&#038;p=28311"},"modified":"2025-11-07T10:28:17","modified_gmt":"2025-11-07T10:28:17","slug":"echo-fabienne-verdier","status":"publish","type":"product","link":"https:\/\/www.fivecontinentseditions.com\/fr\/p\/echo-fabienne-verdier\/","title":{"rendered":"ECHO Fabienne Verdier"},"content":{"rendered":"<p>Ce volume, qui sera suivi d\u2019un second, r\u00e9unit une centaine de planches extraites du journal personnel de Fabienne Verdier\u00a0: collages, dessins et textes se succ\u00e8dent, se font \u00e9cho et mettent en \u00e9vidence le processus cr\u00e9atif de l\u2019artiste. Ces carnets ont \u00e9t\u00e9 compos\u00e9s par Fabienne Verdier au cours des cinq derni\u00e8res ann\u00e9es (2017-2022), parall\u00e8lement \u00e0 son activit\u00e9 de peintre. Ils recueillent ainsi les stimulations, les id\u00e9es \u00e0 d\u00e9velopper, les r\u00e9flexions, sans oublier le dialogue ininterrompu avec les \u0153uvres d\u2019autres artistes, d\u2019\u00e9crivains et de scientifiques. L\u2019ouvrage dirig\u00e9 par Alexandre Vanautgaerden a \u00e9t\u00e9 con\u00e7u comme une proposition ouverte permettant une lecture diff\u00e9rente de l\u2019histoire de l\u2019art \u00e0 partir de l\u2019analogie, approche gr\u00e2ce \u00e0 laquelle notre regard sur la nature se renouvelle. Les textes ont \u00e9t\u00e9 transcrits par l\u2019artiste, mais aussi enrichis de ses propres commentaires.<\/p>\n<p>&nbsp;<\/p>\n<p><strong>Fabienne Verdier<\/strong> est une artiste fran\u00e7aise dont l\u2019\u0153uvre est fortement influenc\u00e9e par sa rencontre avec des syst\u00e8mes de pens\u00e9e d\u2019\u00e9poques et de cultures diff\u00e9rentes. Son processus cr\u00e9atif se fonde sur l\u2019hybridation de connaissances et se manifeste par des inventions techniques telles que d\u2019\u00e9normes pinceaux et des alliages d\u2019\u00e9maux. Ses \u0153uvres sont pr\u00e9sentes dans de nombreuses collections dont le MNAM Centre Pompidou (Paris), le mus\u00e9e Granet (Aix-en-Provence), les Bayerische Staatsgem\u00e4ldesammlungen (Munich), la fondation Hubert Looser et la Kunsthaus de Zurich. 5 Continents Editions a publi\u00e9 en 2019 le volume <em>Fabienne Verdier. Sur les terres de C\u00e9zanne <\/em>qui accompagnait la r\u00e9trospective organis\u00e9e par le mus\u00e9e Granet d\u2019Aix-en-Provence, celle-ci retra\u00e7ait le parcours de l\u2019artiste depuis son retour de Chine jusqu\u2019aux \u0153uvres r\u00e9alis\u00e9es dans les carri\u00e8res de Bib\u00e9mus, domin\u00e9es par la montagne Sainte-Victoire. En 2022, 5 Continents Editions a \u00a0publi\u00e9 le catalogue de l\u2019exposition <em>Fabienne Verdier. Le Chant des \u00e9toiles | The Song of Stars<\/em> propos\u00e9e par le mus\u00e9e Unterlinden de Colmar du 1<sup>er<\/sup> octobre 2022 au 27 mars 2023 ainsi que l\u2019essai <em>Rainbow-Paintings | Fabienne Verdier<\/em> de Corinna Thierolf.<\/p>\n<p>Historien et historien de l\u2019art, <strong>Alexandre Vanautgaerden <\/strong>a travaill\u00e9 pour diff\u00e9rentes institutions culturelles (mus\u00e9es, biblioth\u00e8ques) en Belgique, en Suisse et en France, et en a dirig\u00e9 plusieurs. Il est l\u2019auteur de nombreux ouvrages sur l\u2019humanisme et sur \u00c9rasme de Rotterdam. Actuellement, il s\u2019occupe de l\u2019\u00e9volution des espaces d\u2019exposition en relation avec le d\u00e9veloppement de projets num\u00e9riques et de la restitution de ses biens culturels \u00e0 l\u2019Afrique.\u00a0 On lui doit l\u2019organisation de diverses expositions et la direction de trois ouvrages consacr\u00e9s aux \u0153uvres de Fabienne Verdier. Il est Honorary Reader aupr\u00e8s du Centrum for the Study of the Renaissance de l\u2019universit\u00e9 de Warwick en Angleterre.<\/p>\n","protected":false},"excerpt":{"rendered":"<p>Ce volume, qui sera suivi d\u2019un second, r\u00e9unit une centaine de planches extraites du journal personnel de Fabienne Verdier\u00a0: collages, dessins et textes se succ\u00e8dent, se font \u00e9cho et mettent en \u00e9vidence le processus cr\u00e9atif de l\u2019artiste. Ces carnets ont \u00e9t\u00e9 compos\u00e9s par Fabienne Verdier au cours des cinq derni\u00e8res ann\u00e9es (2017-2022), parall\u00e8lement \u00e0 son&hellip;<\/p>\n","protected":false},"featured_media":28401,"template":"","meta":{"_acf_changed":false,"inline_featured_image":false},"product_brand":[],"product_cat":[57],"product_tag":[],"class_list":{"0":"post-28311","1":"product","2":"type-product","3":"status-publish","4":"has-post-thumbnail","6":"product_cat-art-contemporain","7":"disponibilita-si","8":"description-off","10":"first","11":"instock","12":"shipping-taxable","13":"purchasable","14":"product-type-simple"},"acf":[],"_links":{"self":[{"href":"https:\/\/www.fivecontinentseditions.com\/fr\/wp-json\/wp\/v2\/product\/28311","targetHints":{"allow":["GET"]}}],"collection":[{"href":"https:\/\/www.fivecontinentseditions.com\/fr\/wp-json\/wp\/v2\/product"}],"about":[{"href":"https:\/\/www.fivecontinentseditions.com\/fr\/wp-json\/wp\/v2\/types\/product"}],"wp:featuredmedia":[{"embeddable":true,"href":"https:\/\/www.fivecontinentseditions.com\/fr\/wp-json\/wp\/v2\/media\/28401"}],"wp:attachment":[{"href":"https:\/\/www.fivecontinentseditions.com\/fr\/wp-json\/wp\/v2\/media?parent=28311"}],"wp:term":[{"taxonomy":"product_brand","embeddable":true,"href":"https:\/\/www.fivecontinentseditions.com\/fr\/wp-json\/wp\/v2\/product_brand?post=28311"},{"taxonomy":"product_cat","embeddable":true,"href":"https:\/\/www.fivecontinentseditions.com\/fr\/wp-json\/wp\/v2\/product_cat?post=28311"},{"taxonomy":"product_tag","embeddable":true,"href":"https:\/\/www.fivecontinentseditions.com\/fr\/wp-json\/wp\/v2\/product_tag?post=28311"}],"curies":[{"name":"wp","href":"https:\/\/api.w.org\/{rel}","templated":true}]}}