{"id":27642,"date":"2022-10-24T05:00:00","date_gmt":"2022-10-24T05:00:00","guid":{"rendered":"https:\/\/www.fivecontinentseditions.com\/?post_type=product&#038;p=27642"},"modified":"2023-03-14T17:46:16","modified_gmt":"2023-03-14T17:46:16","slug":"franco-fontana-invisible","status":"publish","type":"product","link":"https:\/\/www.fivecontinentseditions.com\/fr\/p\/franco-fontana-invisible\/","title":{"rendered":"Franco Fontana Invisible"},"content":{"rendered":"<p>Tout au long de ses soixante ann\u00e9es de carri\u00e8re, Franco Fontana a photographi\u00e9 ce que l\u2019on ne voit pas, r\u00e9ussissant \u00e0 fixer dans l\u2019objectif une image \u00ab\u00a0autre\u00a0\u00bb, d\u00e9tach\u00e9e de la r\u00e9alit\u00e9, lib\u00e9r\u00e9e du sujet repr\u00e9sent\u00e9. Son travail sur la g\u00e9om\u00e9trie, les proportions et la composition lui a permis d\u2019atteindre par paliers une synth\u00e8se conceptuelle qui est \u00e0 la fois son langage personnel et sa manifestation formelle.<\/p>\n<p><em>Invisible<\/em>, volume de 168\u00a0pages comptant plus de 100\u00a0photographies, est le r\u00e9sultat d\u2019une exploration minutieuse des archives de l\u2019artiste, qui a fait \u00e9merger des clich\u00e9s in\u00e9dits, allant des recherches les plus exp\u00e9rimentales aux manifestations les plus libres de sa subjectivit\u00e9, sans n\u00e9gliger pour autant les images iconiques qui ont rendu leur auteur c\u00e9l\u00e8bre dans le monde entier.<\/p>\n<p>Cet album, compos\u00e9 avec un soin particulier, s\u2019adresse \u00e0 ceux qui souhaitent avoir une vue d\u2019ensemble du parcours de l\u2019auteur, mais aussi explorer cet espace int\u00e9rieur, au-del\u00e0 du r\u00e9el, d\u00e9volu \u00e0 l\u2019interpr\u00e9tation suggestive, \u00e0 la qu\u00eate de l\u2019image en devenir, que seule la sensibilit\u00e9 visuelle du photographe sait recueillir et traduire en un clich\u00e9 unique et inimitable, de sorte que l\u2019invisible devient soudain visible.<\/p>\n<p>&nbsp;<\/p>\n<p><strong>Franco Fontana<\/strong>, consid\u00e9r\u00e9 comme l\u2019un des plus importants photographes contemporains, est n\u00e9 en 1933 \u00e0 Mod\u00e8ne, o\u00f9 il vit et travaille aujourd\u2019hui encore. Il a abord\u00e9 la photographie dans les ann\u00e9es 1960, a expos\u00e9 d\u00e8s 1963 \u00e0 la Biennale de la couleur \u00e0 Vienne et a eu droit \u00e0 sa premi\u00e8re exposition personnelle en 1968 dans sa ville natale. Son \u0153uvre est pr\u00e9sente dans les collections des plus grands mus\u00e9es du monde, comme la Maison europ\u00e9enne de la photographie (MEP) \u00e0 Paris, le MoMA de New York, le Museum Ludwig de Cologne, le Fred Jones Jr. Museum of Art de Norman (Oklahoma), le Mus\u00e9e national de Chine \u00e0 P\u00e9kin, la National Gallery of Victoria \u00e0 Melbourne, l\u2019universit\u00e9 du Texas \u00e0 Austin, le Stedelijk Museum d\u2019Amsterdam, le mus\u00e9e d\u2019Art m\u00e9tropolitain de Tokyo, le mus\u00e9e d\u2019Isra\u00ebl \u00e0 J\u00e9rusalem, ou encore le mus\u00e9e d\u2019Art moderne de Paris.<\/p>\n","protected":false},"excerpt":{"rendered":"<p>Tout au long de ses soixante ann\u00e9es de carri\u00e8re, Franco Fontana a photographi\u00e9 ce que l\u2019on ne voit pas, r\u00e9ussissant \u00e0 fixer dans l\u2019objectif une image \u00ab\u00a0autre\u00a0\u00bb, d\u00e9tach\u00e9e de la r\u00e9alit\u00e9, lib\u00e9r\u00e9e du sujet repr\u00e9sent\u00e9. Son travail sur la g\u00e9om\u00e9trie, les proportions et la composition lui a permis d\u2019atteindre par paliers une synth\u00e8se conceptuelle qui&hellip;<\/p>\n","protected":false},"featured_media":0,"template":"","meta":{"_acf_changed":false,"inline_featured_image":false},"product_brand":[],"product_cat":[73],"product_tag":[],"class_list":{"0":"post-27642","1":"product","2":"type-product","3":"status-publish","5":"product_cat-photographie","6":"disponibilita-si","7":"description-off","9":"first","10":"instock","11":"shipping-taxable","12":"purchasable","13":"product-type-simple"},"acf":[],"_links":{"self":[{"href":"https:\/\/www.fivecontinentseditions.com\/fr\/wp-json\/wp\/v2\/product\/27642","targetHints":{"allow":["GET"]}}],"collection":[{"href":"https:\/\/www.fivecontinentseditions.com\/fr\/wp-json\/wp\/v2\/product"}],"about":[{"href":"https:\/\/www.fivecontinentseditions.com\/fr\/wp-json\/wp\/v2\/types\/product"}],"wp:attachment":[{"href":"https:\/\/www.fivecontinentseditions.com\/fr\/wp-json\/wp\/v2\/media?parent=27642"}],"wp:term":[{"taxonomy":"product_brand","embeddable":true,"href":"https:\/\/www.fivecontinentseditions.com\/fr\/wp-json\/wp\/v2\/product_brand?post=27642"},{"taxonomy":"product_cat","embeddable":true,"href":"https:\/\/www.fivecontinentseditions.com\/fr\/wp-json\/wp\/v2\/product_cat?post=27642"},{"taxonomy":"product_tag","embeddable":true,"href":"https:\/\/www.fivecontinentseditions.com\/fr\/wp-json\/wp\/v2\/product_tag?post=27642"}],"curies":[{"name":"wp","href":"https:\/\/api.w.org\/{rel}","templated":true}]}}