{"id":27622,"date":"2022-10-14T05:00:00","date_gmt":"2022-10-14T05:00:00","guid":{"rendered":"https:\/\/www.fivecontinentseditions.com\/?post_type=product&#038;p=27622"},"modified":"2024-05-14T19:16:47","modified_gmt":"2024-05-14T19:16:47","slug":"pasolini-tutto-e-santo-il-corpo-politico","status":"publish","type":"product","link":"https:\/\/www.fivecontinentseditions.com\/fr\/p\/pasolini-tutto-e-santo-il-corpo-politico\/","title":{"rendered":"Pasolini Tutto \u00e8 santo Il corpo politico"},"content":{"rendered":"<p>Ce volume, r\u00e9pr\u00e9sent\u00e9 par son sous-titre \u00ab Le corps politique \u00bb, accompagne la manifestation propos\u00e9e par le MAXXI de Rome qui, dans l\u2019ordre chronologique, est la derni\u00e8re des trois expositions composant le vaste projet \u00ab Pier Paolo Pasolini. Tutto \u00e8 santo \u00bb. La cl\u00e9 de lecture des \u0153uvres expos\u00e9es ici, et donc le fil rouge du volume, est l\u2019engagement politique et l\u2019analyse des contenus sociaux exprim\u00e9s et rendus \u00e9vidents par l\u2019\u00e9crivain dans ses \u0153uvres r\u00e9alis\u00e9es en 1975, ann\u00e9e de sa mort. Les textes, les images, les films, les notes et les documents de Pasolini deviendront proc\u00e9d\u00e9 pour raconter la naissance d\u2019une d\u00e9nonciation qui a encore toute sa place et dont la d\u00e9clinaison actuelle se d\u00e9ploie dans les travaux des artistes contemporains expos\u00e9s dans le mus\u00e9e.<\/p>\n<p>L\u2019essai d\u2019Anne-Violaine Houcke approfondira le Pasolini de la derni\u00e8re p\u00e9riode, tandis que celui d\u2019Ara Merjian se pr\u00e9occupera de l\u2019esth\u00e9tique qui a caract\u00e9ris\u00e9 l\u2019intellectuel. Quant \u00e0 Marco Belpoliti, il analysera la chronologie de 1975, mettant en lumi\u00e8re les \u00e9v\u00e9nements politiques les plus \u00e9troitement li\u00e9s \u00e0 Pasolini<\/p>\n<p>&nbsp;<\/p>\n<p><strong>Anne-Violaine Houcke<\/strong> est historienne de l\u2019art. Son travail porte en priorit\u00e9 sur les repr\u00e9sentations contemporaines de l\u2019Antiquit\u00e9, en particulier sur les images audiovisuelles de Fellini et de Pasolini. Elle a enseign\u00e9 \u00e0 Yale, Pise et Rome.<\/p>\n<p><strong>Ara Merjian<\/strong> est professeur d\u2019Italian Studies \u00e0 la New York University. Au nombre de ses centres d\u2019int\u00e9r\u00eat figurent Pasolini et le th\u00e8me de l\u2019esth\u00e9tique et de la politique italiennes de l\u2019apr\u00e8s-guerre.<\/p>\n<p><strong>Marco Belpoliti<\/strong> est \u00e9crivain, critique litt\u00e9raire et professeur d\u2019universit\u00e9. Il collabore au quotidien <em>La Repubblica<\/em>.<\/p>\n<p>&nbsp;<\/p>\n<p><strong>Exposition<\/strong><\/p>\n<p>Rome, MAXXI | 16 novembre 2022 \u2013 12 mars 2023<\/p>\n<p>&nbsp;<\/p>\n<p><strong>Pier Paolo Pasolini. Tutto \u00e8 santo<\/strong><\/p>\n<p>5 Continents Editions est le partenaire \u00e9ditorial de la grande exposition \u00ab\u00a0Pier Paolo Pasolini. Tutto \u00e8 santo\u00a0\u00bb [Pier Paolo Pasolini. Tout est saint], \u00e0 laquelle prennent part trois institutions mus\u00e9ales romaines\u00a0: le Palazzo delle Esposizioni, le Palazzo Barberini et le Museo MAXXI. Le th\u00e8me de la sacralit\u00e9, si cher \u00e0 l\u2019auteur, sera d\u00e9clin\u00e9 au long d\u2019un parcours multidisciplinaire qui mettra en lumi\u00e8re les traits distinctifs de Pasolini l\u2019\u00e9crivain, le r\u00e9alisateur et l\u2019artiste.<\/p>\n<p>Cette importante manifestation, dont le titre se r\u00e9f\u00e8re \u00e0 une phrase prononc\u00e9e dans le film <em>M\u00e9d\u00e9e<\/em> (1969) par le sage Chiron \u00e9voquant la myst\u00e9rieuse sacralit\u00e9 du monde (celle du monde du sous-prol\u00e9tariat, archa\u00efque, religieux, qui entre en conflit avec les h\u00e9ros du monde rationnel, la\u00efque et bourgeois), cl\u00f4turera l\u2019ann\u00e9e des c\u00e9l\u00e9brations organis\u00e9es \u00e0 l\u2019occasion du centenaire de la naissance de Pier Paolo Pasolini (Bologne, 5 mars 1922-Rome, 2 novembre 1975).<\/p>\n<p>Chaque lieu d\u00e9clinera le th\u00e8me selon des modalit\u00e9s sp\u00e9cifiques en recourant \u00e0 des disciplines et \u00e0 des m\u00e9dias diff\u00e9rents, \u00e0 des \u0153uvres originales et \u00e0 des documents d\u2019archives, en \u00e9tant conscient de faire partie d\u2019un regard plus large dont l\u2019objectif est de mener \u00e0 une r\u00e9flexion in\u00e9dite sur la production pasolinienne et sur l\u2019influence culturelle qu\u2019elle a exerc\u00e9e.<\/p>\n","protected":false},"excerpt":{"rendered":"<p>Ce volume, r\u00e9pr\u00e9sent\u00e9 par son sous-titre \u00ab Le corps politique \u00bb, accompagne la manifestation propos\u00e9e par le MAXXI de Rome qui, dans l\u2019ordre chronologique, est la derni\u00e8re des trois expositions composant le vaste projet \u00ab Pier Paolo Pasolini. Tutto \u00e8 santo \u00bb. La cl\u00e9 de lecture des \u0153uvres expos\u00e9es ici, et donc le fil rouge&hellip;<\/p>\n","protected":false},"featured_media":0,"template":"","meta":{"_acf_changed":false,"inline_featured_image":false},"product_brand":[],"product_cat":[57],"product_tag":[],"class_list":{"0":"post-27622","1":"product","2":"type-product","3":"status-publish","5":"product_cat-art-contemporain","6":"disponibilita-si","7":"description-off","9":"first","10":"instock","11":"shipping-taxable","12":"purchasable","13":"product-type-simple"},"acf":[],"_links":{"self":[{"href":"https:\/\/www.fivecontinentseditions.com\/fr\/wp-json\/wp\/v2\/product\/27622","targetHints":{"allow":["GET"]}}],"collection":[{"href":"https:\/\/www.fivecontinentseditions.com\/fr\/wp-json\/wp\/v2\/product"}],"about":[{"href":"https:\/\/www.fivecontinentseditions.com\/fr\/wp-json\/wp\/v2\/types\/product"}],"wp:attachment":[{"href":"https:\/\/www.fivecontinentseditions.com\/fr\/wp-json\/wp\/v2\/media?parent=27622"}],"wp:term":[{"taxonomy":"product_brand","embeddable":true,"href":"https:\/\/www.fivecontinentseditions.com\/fr\/wp-json\/wp\/v2\/product_brand?post=27622"},{"taxonomy":"product_cat","embeddable":true,"href":"https:\/\/www.fivecontinentseditions.com\/fr\/wp-json\/wp\/v2\/product_cat?post=27622"},{"taxonomy":"product_tag","embeddable":true,"href":"https:\/\/www.fivecontinentseditions.com\/fr\/wp-json\/wp\/v2\/product_tag?post=27622"}],"curies":[{"name":"wp","href":"https:\/\/api.w.org\/{rel}","templated":true}]}}