{"id":27619,"date":"2022-10-14T05:00:00","date_gmt":"2022-10-14T05:00:00","guid":{"rendered":"https:\/\/www.fivecontinentseditions.com\/?post_type=product&#038;p=27619"},"modified":"2024-05-14T19:16:46","modified_gmt":"2024-05-14T19:16:46","slug":"pasolini-tutto-e-santo-il-corpo-veggente","status":"publish","type":"product","link":"https:\/\/www.fivecontinentseditions.com\/fr\/p\/pasolini-tutto-e-santo-il-corpo-veggente\/","title":{"rendered":"Pasolini Tutto \u00e8 santo Il corpo veggente"},"content":{"rendered":"<p>\u00c0 l\u2019instar de l\u2019exposition du projet \u00ab\u00a0Pier Paolo Pasolini. Tutto \u00e8 santo\u00a0\u00bb accueillie par les Gallerie Nazionali di Arte Antica de Rome, Palazzo Barberini, le volume approfondit ce que nous pourrions appeler l\u2019<em>imaginaire<\/em> <em>pasolinien<\/em> au moyen d\u2019une recherche fond\u00e9e d\u2019abord sur les interrogations suivantes\u00a0: Quel est le r\u00f4le de Pasolini dans la culture visuelle actuelle\u00a0? Dans quelle mesure notre regard sur les \u0153uvres du pass\u00e9, leur interpr\u00e9tation et leurs suggestions sont-ils d\u00e9biteurs d\u2019une mani\u00e8re de voir, d\u2019une sorte d\u2019<em>inconscient optique<\/em> que l\u2019esth\u00e9tique et l\u2019engagement id\u00e9ologique de Pasolini ont contribu\u00e9 \u00e0 modeler\u00a0?<\/p>\n<p>Le regard complexe, dans le m\u00eame temps riche et stratifi\u00e9, de l\u2019intellectuel a en effet conditionn\u00e9 et stimul\u00e9 la vision collective de plusieurs \u0153uvres, de th\u00e9matiques figuratives et d\u2019artistes, des primitifs italiens comme Giotto aux mani\u00e9ristes comme Caravage.<\/p>\n<p>Le volume compl\u00e8tera l\u2019expression du parcours de l\u2019exposition en associant dans un \u00ab\u00a0montage\u00a0\u00bb id\u00e9al et dynamique une s\u00e9lection de peintures en provenance des Gallerie Nazionali, ou bien de mus\u00e9es italiens ou \u00e9trangers, avec des mat\u00e9riaux photographiques, audiovisuels et textuels qui mettent en lumi\u00e8re un dispositif visuel \u2013 o\u00f9 Pasolini empruntait \u00e0 Auerbach \u2013 m\u00eal\u00e9 d\u2019anticipations et de r\u00e9trospectives, de survivances et de r\u00e9sistances ainsi que de transformations de sens et d\u2019effets de longue dur\u00e9e.<\/p>\n<p>&nbsp;<\/p>\n<p><strong>Michele Di Monte<\/strong> est historien de l\u2019art et directeur du d\u00e9partement \u00e9ducatif des Gallerie Nazionali d\u2019Arte Antica de Rome, Palazzo Barberini et Galleria Corsini. Il enseigne la communication esth\u00e9tique et mus\u00e9ale dans celui du master d\u2019art de la LUISS de Rome.<\/p>\n<p>&nbsp;<\/p>\n<p><strong>Exposition<\/strong><\/p>\n<p>Rome, Palazzo Barberini | 28 octobre 2022 \u2013 13 f\u00e9vrier 2023<\/p>\n<p>&nbsp;<\/p>\n<p><strong>Pier Paolo Pasolini. Tutto \u00e8 santo<\/strong><\/p>\n<p>5 Continents Editions est le partenaire \u00e9ditorial de la grande exposition \u00ab\u00a0Pier Paolo Pasolini. Tutto \u00e8 santo\u00a0\u00bb [Pier Paolo Pasolini. Tout est saint], \u00e0 laquelle prennent part trois institutions mus\u00e9ales romaines\u00a0: le Palazzo delle Esposizioni, le Palazzo Barberini et le Museo MAXXI. Le th\u00e8me de la sacralit\u00e9, si cher \u00e0 l\u2019auteur, sera d\u00e9clin\u00e9 au long d\u2019un parcours multidisciplinaire qui mettra en lumi\u00e8re les traits distinctifs de Pasolini l\u2019\u00e9crivain, le r\u00e9alisateur et l\u2019artiste.<\/p>\n<p>Cette importante manifestation, dont le titre se r\u00e9f\u00e8re \u00e0 une phrase prononc\u00e9e dans le film <em>M\u00e9d\u00e9e<\/em> (1969) par le sage Chiron \u00e9voquant la myst\u00e9rieuse sacralit\u00e9 du monde (celle du monde du sous-prol\u00e9tariat, archa\u00efque, religieux, qui entre en conflit avec les h\u00e9ros du monde rationnel, la\u00efque et bourgeois), cl\u00f4turera l\u2019ann\u00e9e des c\u00e9l\u00e9brations organis\u00e9es \u00e0 l\u2019occasion du centenaire de la naissance de Pier Paolo Pasolini (Bologne, 5 mars 1922-Rome, 2 novembre 1975).<\/p>\n<p>Chaque lieu d\u00e9clinera le th\u00e8me selon des modalit\u00e9s sp\u00e9cifiques en recourant \u00e0 des disciplines et \u00e0 des m\u00e9dias diff\u00e9rents, \u00e0 des \u0153uvres originales et \u00e0 des documents d\u2019archives, en \u00e9tant conscient de faire partie d\u2019un regard plus large dont l\u2019objectif est de mener \u00e0 une r\u00e9flexion in\u00e9dite sur la production pasolinienne et sur l\u2019influence culturelle qu\u2019elle a exerc\u00e9e.<\/p>\n","protected":false},"excerpt":{"rendered":"<p>\u00c0 l\u2019instar de l\u2019exposition du projet \u00ab\u00a0Pier Paolo Pasolini. Tutto \u00e8 santo\u00a0\u00bb accueillie par les Gallerie Nazionali di Arte Antica de Rome, Palazzo Barberini, le volume approfondit ce que nous pourrions appeler l\u2019imaginaire pasolinien au moyen d\u2019une recherche fond\u00e9e d\u2019abord sur les interrogations suivantes\u00a0: Quel est le r\u00f4le de Pasolini dans la culture visuelle actuelle\u00a0?&hellip;<\/p>\n","protected":false},"featured_media":0,"template":"","meta":{"_acf_changed":false,"inline_featured_image":false},"product_brand":[],"product_cat":[57],"product_tag":[],"class_list":{"0":"post-27619","1":"product","2":"type-product","3":"status-publish","5":"product_cat-art-contemporain","6":"disponibilita-si","7":"description-off","9":"first","10":"instock","11":"shipping-taxable","12":"purchasable","13":"product-type-simple"},"acf":[],"_links":{"self":[{"href":"https:\/\/www.fivecontinentseditions.com\/fr\/wp-json\/wp\/v2\/product\/27619","targetHints":{"allow":["GET"]}}],"collection":[{"href":"https:\/\/www.fivecontinentseditions.com\/fr\/wp-json\/wp\/v2\/product"}],"about":[{"href":"https:\/\/www.fivecontinentseditions.com\/fr\/wp-json\/wp\/v2\/types\/product"}],"wp:attachment":[{"href":"https:\/\/www.fivecontinentseditions.com\/fr\/wp-json\/wp\/v2\/media?parent=27619"}],"wp:term":[{"taxonomy":"product_brand","embeddable":true,"href":"https:\/\/www.fivecontinentseditions.com\/fr\/wp-json\/wp\/v2\/product_brand?post=27619"},{"taxonomy":"product_cat","embeddable":true,"href":"https:\/\/www.fivecontinentseditions.com\/fr\/wp-json\/wp\/v2\/product_cat?post=27619"},{"taxonomy":"product_tag","embeddable":true,"href":"https:\/\/www.fivecontinentseditions.com\/fr\/wp-json\/wp\/v2\/product_tag?post=27619"}],"curies":[{"name":"wp","href":"https:\/\/api.w.org\/{rel}","templated":true}]}}