{"id":27122,"date":"2022-07-21T05:00:00","date_gmt":"2022-07-21T05:00:00","guid":{"rendered":"https:\/\/www.fivecontinentseditions.com\/?post_type=product&#038;p=27122"},"modified":"2023-12-08T14:43:04","modified_gmt":"2023-12-08T14:43:04","slug":"fabienne-verdier-2","status":"publish","type":"product","link":"https:\/\/www.fivecontinentseditions.com\/fr\/p\/fabienne-verdier-2\/","title":{"rendered":"Fabienne Verdier"},"content":{"rendered":"<p>Ce volume se pr\u00e9sente comme une monographie consacr\u00e9e aux \u0153uvres de Fabienne Verdier qui seront pr\u00e9sent\u00e9es lors de l\u2019exposition que le mus\u00e9e Unterlinden de Colmar d\u00e9die \u00e0 l\u2019artiste, et qui dialogueront non seulement avec les collections d\u2019art ancien et moderne du mus\u00e9e, mais aussi avec l\u2019espace architectural \u2013 con\u00e7u par Herzog &amp; de Meuron \u2013 qui les abrite.<\/p>\n<p>Cet ouvrage permettra aux lecteurs d\u2019approfondir le lien in\u00e9dit que l\u2019artiste noue entre son \u0153uvre monumentale et le retable d\u2019Issenheim de Matthias Gr\u00fcnewald en s\u2019inspirant du spectre chromatique et de l\u2019aura lumineuse qui distinguent la peinture de Gr\u00fcnewald. Fabienne Verdier r\u00e9fl\u00e9chit \u00e0 la repr\u00e9sentation de la mort non plus comme fin, mais comme trace d\u2019\u00e9nergie qui se lib\u00e8re pour les vivants. Ce lien entre l\u2019homme et le cosmos, cette \u00e9nergie vitale sont autant de th\u00e8mes qui justifient le titre \u2013 du livre comme de l\u2019exposition \u2013 <em>Le Chant des \u00e9toiles<\/em>.<\/p>\n<p>La grande installation des <em>Rainbows<\/em> joue un r\u00f4le central dans la publication\u00a0: ces 66 \u0153uvres inspir\u00e9es par l\u2019aura lumineuse produite par la mort d\u2019une \u00e9toile sont con\u00e7ues comme des individus dont chacun porte un titre soulignant son lien avec le ciel, les \u00e9toiles et la lumi\u00e8re. En outre, pour Fabienne Verdier, ces \u0153uvres constituent les portraits des d\u00e9funts morts de la Covid-19, ils sont une mani\u00e8re d\u2019ic\u00f4nes contemporaines et donnent vie \u00e0 une \u0153uvre d\u2019art universel.<\/p>\n<p>&nbsp;<\/p>\n<p><strong>Fr\u00e9d\u00e9rique Goerig-Hergott<\/strong> est directrice des mus\u00e9es de Dijon. Conservatrice en chef des collections d\u2019art moderne et contemporain du mus\u00e9e Unterlinden \u00e0 Colmar jusqu\u2019en janvier 2022, elle a assur\u00e9 le commissariat de nombreuses expositions en France, mais aussi en Allemagne et en Chine, parmi lesquelles \u00ab\u00a0Otto Dix, le retable d\u2019Issenheim\u00a0\u00bb (2016), \u00ab\u00a0Rodtchenko \u2013 Collection Mus\u00e9e Pouchkine\u00a0\u00bb (2017), \u00ab\u00a0Corpus Baselitz\u00a0\u00bb (2018), \u00ab\u00a0Yan Pei-Ming\u00a0\u2013\u00a0Au nom du p\u00e8re\u00a0\u00bb (2021) et \u00ab\u00a0Fabienne Verdier &#8211; Le chant des \u00e9toiles\u00a0\u00bb (2022). Elle a consacr\u00e9 de nombreux articles et ouvrages aux artistes des XX<sup>e<\/sup> et XXI<sup>e<\/sup> si\u00e8cles, ainsi qu&rsquo;aux collections du mus\u00e9e Unterlinden.<\/p>\n<p><strong>B\u00e9reng\u00e8re Baucher<\/strong> est docteure en litt\u00e9rature fran\u00e7aise. Apr\u00e8s plusieurs ann\u00e9es d\u2019enseignement \u00e0 la Sorbonne Nouvelle et \u00e0 Oxford, elle a appris et exerc\u00e9 le m\u00e9tier de lexicographe aupr\u00e8s d\u2019Alain Rey aux \u00e9ditions des dictionnaires Le Robert. Elle est aujourd\u2019hui directrice \u00e9ditoriale du secteur langue fran\u00e7aise hors dictionnaires du Robert, o\u00f9 elle cr\u00e9e et d\u00e9veloppe de nouvelles collections sur la langue, l\u2019\u00e9criture et la culture.<\/p>\n<p><strong>Jean Fr\u00e9mon<\/strong> est \u00e9crivain et pr\u00e9sident-directeur g\u00e9n\u00e9ral de la galerie Lelong &amp; Co (Paris et New York). Son dernier livre, <em>Le Miroir magique<\/em> (POL), a paru en 2020.<\/p>\n<p><strong>Trinh Xuan Thuan<\/strong> est n\u00e9 \u00e0 Hano\u00ef, au Vi\u00eat-nam. Il a fait ses \u00e9tudes au Caltech et \u00e0 l\u2019universit\u00e9 de Princeton, aux \u00c9tats-Unis. Depuis 1976, il a enseign\u00e9 l\u2019astrophysique \u00e0 l\u2019universit\u00e9 de Virginie o\u00f9 il est maintenant professeur \u00e9m\u00e9rite. Sp\u00e9cialiste de la formation et de l\u2019\u00e9volution des galaxies, il est aussi l\u2019auteur de nombreux livres de vulgarisation scientifique qui ont rencontr\u00e9 la faveur du grand public. Depuis <em>La M\u00e9lodie secr\u00e8te<\/em> qui le fit conna\u00eetre en 1988, jusqu\u2019\u00e0 <em>Mondes<\/em> <em>d\u2019ailleurs<\/em> (2021), il a publi\u00e9 une vingtaine d\u2019ouvrages, salu\u00e9s par le prix Kalinga de l\u2019Unesco et par le prix mondial de la fondation Simone et Cino Del Duca.<\/p>\n<p><strong>Florian Steininger<\/strong> dirige la Kunsthalle de Krems. Auparavant, il a exerc\u00e9 les fonctions de conservateur au Bank Austria Kunstforum de Vienne (2002-2016). Il a organis\u00e9 de nombreuses expositions d\u2019art moderne et contemporain, consacr\u00e9es notamment \u00e0 Roy Lichtenstein, Willem de Kooning, Frida Kahlo, Warhol et Basquiat, Axel H\u00fctte, \u00e0 la collection Hubert Looser, \u00e0 Per Kirkeby, Hans Op de Beeck, Teresa Margolles et Helen Frankenthaler.<\/p>\n<p>&nbsp;<\/p>\n<p><strong>Exposition<\/strong><\/p>\n<p>Colmar, mus\u00e9e Unterlinden | 1<sup>er<\/sup> octobre-28 mars 2022<\/p>\n","protected":false},"excerpt":{"rendered":"<p>Ce volume se pr\u00e9sente comme une monographie consacr\u00e9e aux \u0153uvres de Fabienne Verdier qui seront pr\u00e9sent\u00e9es lors de l\u2019exposition que le mus\u00e9e Unterlinden de Colmar d\u00e9die \u00e0 l\u2019artiste, et qui dialogueront non seulement avec les collections d\u2019art ancien et moderne du mus\u00e9e, mais aussi avec l\u2019espace architectural \u2013 con\u00e7u par Herzog &amp; de Meuron \u2013&hellip;<\/p>\n","protected":false},"featured_media":27356,"template":"","meta":{"_acf_changed":false,"inline_featured_image":false},"product_brand":[],"product_cat":[57],"product_tag":[],"class_list":{"0":"post-27122","1":"product","2":"type-product","3":"status-publish","4":"has-post-thumbnail","6":"product_cat-art-contemporain","7":"disponibilita-si","8":"description-off","10":"first","11":"instock","12":"shipping-taxable","13":"purchasable","14":"product-type-simple"},"acf":[],"_links":{"self":[{"href":"https:\/\/www.fivecontinentseditions.com\/fr\/wp-json\/wp\/v2\/product\/27122","targetHints":{"allow":["GET"]}}],"collection":[{"href":"https:\/\/www.fivecontinentseditions.com\/fr\/wp-json\/wp\/v2\/product"}],"about":[{"href":"https:\/\/www.fivecontinentseditions.com\/fr\/wp-json\/wp\/v2\/types\/product"}],"wp:featuredmedia":[{"embeddable":true,"href":"https:\/\/www.fivecontinentseditions.com\/fr\/wp-json\/wp\/v2\/media\/27356"}],"wp:attachment":[{"href":"https:\/\/www.fivecontinentseditions.com\/fr\/wp-json\/wp\/v2\/media?parent=27122"}],"wp:term":[{"taxonomy":"product_brand","embeddable":true,"href":"https:\/\/www.fivecontinentseditions.com\/fr\/wp-json\/wp\/v2\/product_brand?post=27122"},{"taxonomy":"product_cat","embeddable":true,"href":"https:\/\/www.fivecontinentseditions.com\/fr\/wp-json\/wp\/v2\/product_cat?post=27122"},{"taxonomy":"product_tag","embeddable":true,"href":"https:\/\/www.fivecontinentseditions.com\/fr\/wp-json\/wp\/v2\/product_tag?post=27122"}],"curies":[{"name":"wp","href":"https:\/\/api.w.org\/{rel}","templated":true}]}}