{"id":26948,"date":"2022-05-19T05:00:00","date_gmt":"2022-05-19T05:00:00","guid":{"rendered":"https:\/\/www.fivecontinentseditions.com\/?post_type=product&#038;p=26948"},"modified":"2022-06-14T09:20:07","modified_gmt":"2022-06-14T09:20:07","slug":"gustave-buchet","status":"publish","type":"product","link":"https:\/\/www.fivecontinentseditions.com\/fr\/p\/gustave-buchet\/","title":{"rendered":"Gustave Buchet"},"content":{"rendered":"<p>Cette monographie, richement illustr\u00e9e, examine les diff\u00e9rentes \u00e9tapes de la carri\u00e8re du peintre Gustave Buchet, dont on reconna\u00eet aujourd\u2019hui l\u2019importance majeure dans le contexte des avant-gardes parisiennes de la premi\u00e8re moiti\u00e9 du XX<sup>e<\/sup> si\u00e8cle. Buchet appartient \u00e0 une g\u00e9n\u00e9ration d\u2019artistes suisses romands qui s\u2019est nourrie des innovations artistiques parisiennes. Lui-m\u00eame a \u00e9t\u00e9 actif dans la capitale fran\u00e7aise durant tout l\u2019entre-deux-guerres. En 1916, lors d\u2019un nouveau s\u00e9jour \u00e0 Paris, il rencontre Jeanne H\u00e9butherne, la future compagne de Modigliani, et se lie d\u2019amiti\u00e9 avec Ossip Zadkine. Sa peinture est alors marqu\u00e9e par le futurisme, qu\u2019il d\u00e9veloppe \u00e0 Gen\u00e8ve, avant de participer furtivement \u00e0 la flamb\u00e9e dada qui touche la ville l\u00e9manique. En 1920, encourag\u00e9 par Alexander Archipenko, il s\u2019\u00e9tablit \u00e0 Paris et expose avec le groupe de la Section d\u2019Or notamment \u00e0 Paris, Amsterdam et Bruxelles. Ses compositions, rigoureusement construites et aux couleurs vives, t\u00e9moignent alors d\u2019une assimilation tr\u00e8s personnelle du post-cubisme de Fernand L\u00e9ger puis du purisme que son compatriote Le Corbusier d\u00e9fend dans la revue <em>L\u2019Esprit Nouveau<\/em>. Buchet d\u00e9ploie parall\u00e8lement une intense activit\u00e9 dans le domaine des arts appliqu\u00e9s. Au d\u00e9but des ann\u00e9es 1930, il mod\u00e8re son abstraction puis revient progressivement \u00e0 une peinture plus conventionnelle qu\u2019il expose d\u00e8s son retour forc\u00e9 en Suisse en 1939. Cette \u00e9volution est bien accueillie par la critique qui consid\u00e8re son \u2018\u2019pass\u00e9 cubiste\u2019\u2019 comme un \u00e9garement, ce dont Buchet devra sans cesse se d\u00e9fendre. Dans les ann\u00e9es 1950, il estime arriver \u00e0 une synth\u00e8se de son art en renouant avec son go\u00fbt pour la construction du tableau, puis en donnant libre cours \u00e0 la couleur.<\/p>\n<p>&nbsp;<\/p>\n<p><strong>Paul-Andr\u00e9 Jaccard <\/strong>a dirig\u00e9 l&rsquo;Antenne romande de SIK-ISEA, Institut suisse pour l\u2019\u00e9tude de l\u2019art \u00e0 l\u2019Universit\u00e9 de Lausanne. Il a publi\u00e9 diff\u00e9rentes \u00e9tudes sur l\u2019art moderne en Suisse au d\u00e9but du XX<sup>e<\/sup> si\u00e8cle et ses relations avec les avant-gardes parisiennes, dont <em>Alice Bailly. La F\u00eate \u00e9trange<\/em> \u00a0(5 Continents Editions).<\/p>\n","protected":false},"excerpt":{"rendered":"<p>Cette monographie, richement illustr\u00e9e, examine les diff\u00e9rentes \u00e9tapes de la carri\u00e8re du peintre Gustave Buchet, dont on reconna\u00eet aujourd\u2019hui l\u2019importance majeure dans le contexte des avant-gardes parisiennes de la premi\u00e8re moiti\u00e9 du XXe si\u00e8cle. Buchet appartient \u00e0 une g\u00e9n\u00e9ration d\u2019artistes suisses romands qui s\u2019est nourrie des innovations artistiques parisiennes. Lui-m\u00eame a \u00e9t\u00e9 actif dans la&hellip;<\/p>\n","protected":false},"featured_media":27049,"template":"","meta":{"_acf_changed":false,"inline_featured_image":false},"product_brand":[],"product_cat":[68],"product_tag":[],"class_list":{"0":"post-26948","1":"product","2":"type-product","3":"status-publish","4":"has-post-thumbnail","6":"product_cat-art-moderne","7":"disponibilita-si","8":"description-off","10":"first","11":"instock","12":"shipping-taxable","13":"purchasable","14":"product-type-simple"},"acf":[],"_links":{"self":[{"href":"https:\/\/www.fivecontinentseditions.com\/fr\/wp-json\/wp\/v2\/product\/26948","targetHints":{"allow":["GET"]}}],"collection":[{"href":"https:\/\/www.fivecontinentseditions.com\/fr\/wp-json\/wp\/v2\/product"}],"about":[{"href":"https:\/\/www.fivecontinentseditions.com\/fr\/wp-json\/wp\/v2\/types\/product"}],"wp:featuredmedia":[{"embeddable":true,"href":"https:\/\/www.fivecontinentseditions.com\/fr\/wp-json\/wp\/v2\/media\/27049"}],"wp:attachment":[{"href":"https:\/\/www.fivecontinentseditions.com\/fr\/wp-json\/wp\/v2\/media?parent=26948"}],"wp:term":[{"taxonomy":"product_brand","embeddable":true,"href":"https:\/\/www.fivecontinentseditions.com\/fr\/wp-json\/wp\/v2\/product_brand?post=26948"},{"taxonomy":"product_cat","embeddable":true,"href":"https:\/\/www.fivecontinentseditions.com\/fr\/wp-json\/wp\/v2\/product_cat?post=26948"},{"taxonomy":"product_tag","embeddable":true,"href":"https:\/\/www.fivecontinentseditions.com\/fr\/wp-json\/wp\/v2\/product_tag?post=26948"}],"curies":[{"name":"wp","href":"https:\/\/api.w.org\/{rel}","templated":true}]}}