{"id":25872,"date":"2021-09-02T05:00:00","date_gmt":"2021-09-02T05:00:00","guid":{"rendered":"https:\/\/www.fivecontinentseditions.com\/?post_type=product&#038;p=25872"},"modified":"2022-04-25T17:43:07","modified_gmt":"2022-04-25T17:43:07","slug":"kuyu","status":"publish","type":"product","link":"https:\/\/www.fivecontinentseditions.com\/fr\/p\/kuyu\/","title":{"rendered":"KUYU"},"content":{"rendered":"<p>L\u2019ethnie des Kuyu vit dans la partie septentrionale de la R\u00e9publique du Congo (Congo-Brazzaville), sur les rives du fleuve Congo, dans une zone d\u2019Afrique \u00e9quatoriale demeur\u00e9e \u00e0 l\u2019\u00e9cart de l\u2019influence musulmane et de la colonisation occidentale. Si les Kuyu ont initialement jou\u00e9 un r\u00f4le pr\u00e9pond\u00e9rant, ils sont ensuite devenus une minorit\u00e9 au sein de la population des Mbochi.<\/p>\n<p>Les objets qui font partie de leur culture mat\u00e9rielle sont longtemps demeur\u00e9s inconnus, car non conformes aux attentes du public occidental d\u2019abord int\u00e9ress\u00e9 par l\u2019esth\u00e9tique.<\/p>\n<p>L\u2019expression esth\u00e9tique des Kuyu se d\u00e9cline selon trois styles\u00a0; les deux premiers, dont nous poss\u00e9dons un nombre restreint de t\u00e9moignages, sont \u00e9troitement li\u00e9s \u00e0 l\u2019ethnie kuyu, tandis que le troisi\u00e8me style, auquel appartient la plupart des sculptures, inclut des objets kuyu et mbochi. De cette production font partie des statuettes et surtout des masses en bois anthropoc\u00e9phales (polychromes pour les plus r\u00e9centes), dites <em>kebe-kebe<\/em>, qui \u00e9taient utilis\u00e9es dans la danse du m\u00eame nom. Ce rituel est demeur\u00e9 fid\u00e8le \u00e0 sa fonction originelle qui consiste \u00e0 incarner une cosmogonie.<\/p>\n<p>Les caract\u00e8res sp\u00e9cifiques de ces masses en bois tiennent aux d\u00e9tails qui font du visage sculpt\u00e9 celui d\u2019un \u00eatre humain, ce qui explique la vari\u00e9t\u00e9 des chevelures, du rendu plastique des dents, la pr\u00e9sence ou l\u2019absence de scarifications. Quant \u00e0 la polychromie qui caract\u00e9rise les objets relevant du troisi\u00e8me style, elle est associ\u00e9e \u00e0 un symbolisme particulier.<\/p>\n<p>Dans ce nouveau volume de la collection <em>Visions d\u2019Afrique<\/em>, vous d\u00e9couvrirez une vaste collection d\u2019objets authentiques issus d\u2019une culture traditionnelle d\u2019Afrique \u00e9quatoriale ainsi qu\u2019une reconstitution des routes migratoires qui pourrait expliquer un corpus d\u2019objets apparemment h\u00e9t\u00e9rog\u00e8ne.<\/p>\n<p>&nbsp;<\/p>\n<p><strong>Anne-Marie B\u00e9n\u00e9zech<\/strong> est historienne de l\u2019art dipl\u00f4m\u00e9e de l\u2019\u00c9cole des hautes \u00e9tudes en sciences sociales (EHESS) et titulaire d\u2019un doctorat en anthropologie culturelle d\u00e9livr\u00e9 par l\u2019universit\u00e9 Paris 1 Panth\u00e9on-Sorbonne. Elle a s\u00e9journ\u00e9 plusieurs mois en R\u00e9publique du Congo, o\u00f9 elle n\u2019a pu poursuivre ses recherches en raison de l\u2019instabilit\u00e9 politique r\u00e9gnant dans ce pays, et en R\u00e9publique d\u00e9mocratique du Congo. Elle a exerc\u00e9 les fonctions de professeur d\u2019art africain \u00e0 Bordeaux et \u00e0 Pessac. Au nombre de ses contributions scientifiques, on citera notamment <em>So-called Kuyu carvings<\/em>(1988)\u00a0: <em>L\u2019anthropologie de l\u2019art pourquoi faire\u00a0?<\/em> (1993)\u00a0; <em>\u00c0 propos des marottes kuyu et Mbochi de La Rochelle<\/em>(2005)\u00a0; <em>L\u2019\u00ab\u00a0humanimal\u00a0\u00bb kuyu<\/em> (2007), <em>La d\u00e9couverte diff\u00e9r\u00e9e des objets kuyu<\/em> (2017). Prochainement, seront publi\u00e9s\u00a0: <em>La c\u00e9r\u00e9monie du Djo, essai de reconstitution d\u2019une cosmogonie des Kouyou \u00e0 partir du texte d\u2019Alfred A. Poupon<\/em> et <em>Les origines du k\u00e9b\u00e9-k\u00e9b\u00e9<\/em>.<\/p>\n","protected":false},"excerpt":{"rendered":"<p>L\u2019ethnie des Kuyu vit dans la partie septentrionale de la R\u00e9publique du Congo (Congo-Brazzaville), sur les rives du fleuve Congo, dans une zone d\u2019Afrique \u00e9quatoriale demeur\u00e9e \u00e0 l\u2019\u00e9cart de l\u2019influence musulmane et de la colonisation occidentale. Si les Kuyu ont initialement jou\u00e9 un r\u00f4le pr\u00e9pond\u00e9rant, ils sont ensuite devenus une minorit\u00e9 au sein de la&hellip;<\/p>\n","protected":false},"featured_media":0,"template":"","meta":{"_acf_changed":false,"inline_featured_image":false},"product_brand":[],"product_cat":[54],"product_tag":[],"class_list":{"0":"post-25872","1":"product","2":"type-product","3":"status-publish","5":"product_cat-art-africain","6":"collana-visions-dafrique","7":"disponibilita-si","8":"description-off","10":"first","11":"instock","12":"shipping-taxable","13":"purchasable","14":"product-type-simple"},"acf":[],"_links":{"self":[{"href":"https:\/\/www.fivecontinentseditions.com\/fr\/wp-json\/wp\/v2\/product\/25872","targetHints":{"allow":["GET"]}}],"collection":[{"href":"https:\/\/www.fivecontinentseditions.com\/fr\/wp-json\/wp\/v2\/product"}],"about":[{"href":"https:\/\/www.fivecontinentseditions.com\/fr\/wp-json\/wp\/v2\/types\/product"}],"wp:attachment":[{"href":"https:\/\/www.fivecontinentseditions.com\/fr\/wp-json\/wp\/v2\/media?parent=25872"}],"wp:term":[{"taxonomy":"product_brand","embeddable":true,"href":"https:\/\/www.fivecontinentseditions.com\/fr\/wp-json\/wp\/v2\/product_brand?post=25872"},{"taxonomy":"product_cat","embeddable":true,"href":"https:\/\/www.fivecontinentseditions.com\/fr\/wp-json\/wp\/v2\/product_cat?post=25872"},{"taxonomy":"product_tag","embeddable":true,"href":"https:\/\/www.fivecontinentseditions.com\/fr\/wp-json\/wp\/v2\/product_tag?post=25872"}],"curies":[{"name":"wp","href":"https:\/\/api.w.org\/{rel}","templated":true}]}}