{"id":18047,"date":"2019-03-20T05:00:00","date_gmt":"2019-03-20T05:00:00","guid":{"rendered":"https:\/\/www.fivecontinentseditions.com\/?post_type=product&#038;p=18047"},"modified":"2025-02-13T15:24:18","modified_gmt":"2025-02-13T15:24:18","slug":"friedrich-nietzsche-et-les-artistes-du-nouveau-weimar","status":"publish","type":"product","link":"https:\/\/www.fivecontinentseditions.com\/fr\/p\/friedrich-nietzsche-et-les-artistes-du-nouveau-weimar\/","title":{"rendered":"Friedrich Nietzsche et les artistes du nouveau Weimar"},"content":{"rendered":"<p>Vers 1900, un petit groupe form\u00e9 d\u2019influents m\u00e9c\u00e8nes, critiques, \u00e9crivains et artistes fait de Weimar, capitale du grand-duch\u00e9 de Saxe-Weimar-Eisenach, aujourd\u2019hui en Allemagne, un centre utopiste de l\u2019art et de la pens\u00e9e modernes. Des artistes tels que Max Klinger, Edvard Munch et Ludwig von Hofmann et des \u00e9crivains comme Andr\u00e9 Gide, Hugo von Hofmannsthal et Rainer Maria Rilke cherchent \u00e0 cr\u00e9er un \u00ab\u00a0Nouveau Weimar\u00a0\u00bb et d\u00e9signent \u00e0 la t\u00eate de ce mouvement Friedrich Nietzsche, proph\u00e8te radical de la modernit\u00e9. Sa pens\u00e9e p\u00e9n\u00e9trante, son langage expressif et son style aphoristique saisissant font en effet de lui le parfait philosophe du modernisme. \u00ab\u00a0L\u2019existence et l\u2019univers ne sont \u00e9ternellement justifi\u00e9s qu\u2019en tant que ph\u00e9nom\u00e8ne esth\u00e9tique.\u00a0\u00bb Avec des maximes philosophiques comme celle-ci, tir\u00e9e de <em>La Naissance de la trag\u00e9die<\/em>, Nietzsche va devenir une r\u00e9f\u00e9rence majeure pour les artistes et les critiques en qu\u00eate d\u2019un \u00ab\u00a0nouvel art\u00a0\u00bb, d\u2019un \u00ab\u00a0nouvel homme\u00a0\u00bb et, finalement, d\u2019une \u00ab\u00a0nouvelle soci\u00e9t\u00e9\u00a0\u00bb.<\/p>\n<p>En 1902, on demande \u00e0 Max Klinger de r\u00e9aliser le portrait sculpt\u00e9 du philosophe mort deux ans plus t\u00f4t, pour la villa Silberblick \u00e0 Weimar, o\u00f9 le culte de Nietzsche s\u2019est constitu\u00e9. \u00c0 partir d\u2019un masque mortuaire largement remani\u00e9, Klinger ex\u00e9cute le c\u00e9l\u00e8bre herm\u00e8s en marbre qui orne encore de nos jours la salle d\u2019accueil des Archives Nietzsche. Seules trois versions monumentales en bronze ont \u00e9t\u00e9 coul\u00e9es, l\u2019une d\u2019entre elles faisant maintenant partie de la collection du mus\u00e9e des Beaux-Arts du Canada.<\/p>\n<p><em>Friedrich Nietzsche et les artistes du nouveau Weimar<\/em>, dont cette sculpture constitue le point focal, accompagn\u00e9e d\u2019une s\u00e9rie de tableaux, de dessins, de moulages en pl\u00e2tre et de petits bronzes, se propose de montrer comment Klinger et ses m\u00e9c\u00e8nes ont invent\u00e9 le Nietzsche \u00ab\u00a0officiel\u00a0\u00bb, transformant un portrait hautement expressionniste en une image culte, classique et id\u00e9alis\u00e9e. L\u2019exposition comprendra aussi un ensemble d\u2019\u00e9ditions anciennes des livres les plus influents de Nietzsche, notamment des \u00e9ditions de luxe des ouvrages <em>Ainsi parlait Zarathoustra<\/em>, <em>Ecce Homo\u00a0<\/em>et\u00a0<em>Dithyrambes de Dionysos <\/em>produites par Henry van de Velde. Enfin, elle r\u00e9unira des \u0153uvres d\u2019autres protagonistes du \u00ab\u00a0Nouveau Weimar\u00a0\u00bb, dont Auguste Rodin, Aristide Maillol, Edvard Munch et Kurt Stoeving, de mani\u00e8re \u00e0 offrir, pour la premi\u00e8re fois en Am\u00e9rique du Nord, un \u00e9clairage sur cette extraordinaire constellation artistique et culturelle du modernisme.<\/p>\n<p>&nbsp;<\/p>\n<p><strong>Sebastian Sch\u00fctze<\/strong>, Ph. D., a longtemps \u00e9t\u00e9 chercheur \u00e0 la Bibliotheca Hertziana (Institut Max-Planck d\u2019histoire de l\u2019art) \u00e0 Rome. Il est membre de l\u2019Acad\u00e9mie autrichienne des sciences, du conseil scientifique de l\u2019Istituto Italiano per gli Studi Filosofici de Naples et de l\u2019Institut europ\u00e9en d\u2019histoire de la R\u00e9publique des lettres \u00e0 Paris. De 2003 \u00e0 2009, il a \u00e9t\u00e9 titulaire de la chaire Bader en art baroque du sud \u00e0 l\u2019universit\u00e9 Queen\u2019s de Kingston. Il occupe actuellement le poste de professeur d\u2019histoire de l\u2019art moderne \u00e0 l\u2019universit\u00e9 de Vienne.<\/p>\n","protected":false},"excerpt":{"rendered":"<p>Vers 1900, un petit groupe form\u00e9 d\u2019influents m\u00e9c\u00e8nes, critiques, \u00e9crivains et artistes fait de Weimar, capitale du grand-duch\u00e9 de Saxe-Weimar-Eisenach, aujourd\u2019hui en Allemagne, un centre utopiste de l\u2019art et de la pens\u00e9e modernes. Des artistes tels que Max Klinger, Edvard Munch et Ludwig von Hofmann et des \u00e9crivains comme Andr\u00e9 Gide, Hugo von Hofmannsthal et&hellip;<\/p>\n","protected":false},"featured_media":22236,"template":"","meta":{"_acf_changed":false,"inline_featured_image":false},"product_brand":[],"product_cat":[68],"product_tag":[],"class_list":{"0":"post-18047","1":"product","2":"type-product","3":"status-publish","4":"has-post-thumbnail","6":"product_cat-art-moderne","7":"disponibilita-si","8":"description-off","10":"first","11":"instock","12":"shipping-taxable","13":"purchasable","14":"product-type-simple"},"acf":[],"_links":{"self":[{"href":"https:\/\/www.fivecontinentseditions.com\/fr\/wp-json\/wp\/v2\/product\/18047","targetHints":{"allow":["GET"]}}],"collection":[{"href":"https:\/\/www.fivecontinentseditions.com\/fr\/wp-json\/wp\/v2\/product"}],"about":[{"href":"https:\/\/www.fivecontinentseditions.com\/fr\/wp-json\/wp\/v2\/types\/product"}],"wp:featuredmedia":[{"embeddable":true,"href":"https:\/\/www.fivecontinentseditions.com\/fr\/wp-json\/wp\/v2\/media\/22236"}],"wp:attachment":[{"href":"https:\/\/www.fivecontinentseditions.com\/fr\/wp-json\/wp\/v2\/media?parent=18047"}],"wp:term":[{"taxonomy":"product_brand","embeddable":true,"href":"https:\/\/www.fivecontinentseditions.com\/fr\/wp-json\/wp\/v2\/product_brand?post=18047"},{"taxonomy":"product_cat","embeddable":true,"href":"https:\/\/www.fivecontinentseditions.com\/fr\/wp-json\/wp\/v2\/product_cat?post=18047"},{"taxonomy":"product_tag","embeddable":true,"href":"https:\/\/www.fivecontinentseditions.com\/fr\/wp-json\/wp\/v2\/product_tag?post=18047"}],"curies":[{"name":"wp","href":"https:\/\/api.w.org\/{rel}","templated":true}]}}