{"id":11385,"date":"2017-06-19T05:00:00","date_gmt":"2017-06-19T05:00:00","guid":{"rendered":"http:\/\/www.fivecontinentseditions.com\/prodotto\/verre-emaille-en-suisse-2\/"},"modified":"2024-10-04T06:51:27","modified_gmt":"2024-10-04T06:51:27","slug":"verre-emaille-en-suisse-2","status":"publish","type":"product","link":"https:\/\/www.fivecontinentseditions.com\/fr\/p\/verre-emaille-en-suisse-2\/","title":{"rendered":"Verre \u00e9maill\u00e9 en Suisse"},"content":{"rendered":"<p>En \u00e9cho au catalogue consacr\u00e9 \u00e0 la poterie suisse des XVII <sup>e<\/sup>-XIX<sup>e<\/sup>si\u00e8cles, cet ouvrage pr\u00e9sente un corpus de verres \u00e9maill\u00e9s, afin de mettre en dialogue ces deux arts du feu.<br \/>\nProvenant de dons, de legs et d&rsquo;achats, plus de deux cents verres \u00e9maill\u00e9s produits en Suisse, entre le premier quart du XVIII<sup>e<\/sup>si\u00e8cle et le d\u00e9but du XIX<sup>e<\/sup>si\u00e8cle, t\u00e9moignent d&rsquo;un go\u00fbt populaire tr\u00e8s r\u00e9pandu en Suisse centrale. L&rsquo;iconographie des d\u00e9cors \u00e9maill\u00e9s, parfois accompagn\u00e9e d&rsquo;inscriptions, pr\u00e9sente des sc\u00e8nes r\u00e9currentes. Ces r\u00e9cipients (bouteilles, gourdes, flacons, gobelets, etc.) sont ainsi orn\u00e9s de motifs v\u00e9g\u00e9taux, animaliers, symboliques, h\u00e9raldiques, voire de personnages, illustrant des sujets religieux, galants ou encore bachiques.<br \/>\nL&rsquo;ouvrage retrace la production des verres \u00e9maill\u00e9s depuis la naissance des ateliers actifs au centre de l&rsquo;Europe (du nord des Alpes au sud de l&rsquo;Allemagne) d\u00e8s le XVIII<sup>e<\/sup>si\u00e8cle en passant par l&rsquo;installation des fr\u00e8res Siegwart &ndash;originaires de For\u00eat-Noire&ndash; dans l&rsquo;Entlebuch (canton de Lucerne) en 1723 qui marque un tournant dans l&rsquo;histoire du verre suisse inaugurant l&rsquo;\u00e9tablissement de plusieurs entreprises similaires dans la r\u00e9gion. Ces pi\u00e8ces se trouvent souvent regroup\u00e9es sous l&rsquo;appellation g\u00e9n\u00e9rique de &laquo;verre de Fl\u00fchli&raquo;, du nom d&rsquo;une commune situ\u00e9e dans ce district lucernois.<\/p>\n<p><strong>Heinz Horat<\/strong> est docteur en histoire de l&rsquo;art. Auteur du recensement des monuments d&rsquo;art du canton de Lucerne, conservateur cantonal et chef de l&rsquo;Office des monuments historiques et d&rsquo;arch\u00e9ologie du canton de Zug, puis directeur du Mus\u00e9e historique de Lucerne (2001-2013), il a publi\u00e9 de nombreux ouvrages sp\u00e9cialis\u00e9s, dont la monographie <em>Fl\u00fchli-Glas<\/em>, parue en 1986.<br \/>\n<strong>Stanislas Anthonioz<\/strong>, docteur en histoire de l&rsquo;art des universit\u00e9s de Gen\u00e8ve et de l&rsquo;EPHE de Paris, collaborateur scientifique au mus\u00e9e Ariana \u00e0Gen\u00e8ve, a notamment assur\u00e9 le commissariat d&rsquo;exposition dans le domaine du verre contemporain.<\/p>\n","protected":false},"excerpt":{"rendered":"<p>En \u00e9cho au catalogue consacr\u00e9 \u00e0 la poterie suisse des XVII e-XIXesi\u00e8cles, cet ouvrage pr\u00e9sente un corpus de verres \u00e9maill\u00e9s, afin de mettre en dialogue ces deux arts du feu. Provenant de dons, de legs et d&rsquo;achats, plus de deux cents verres \u00e9maill\u00e9s produits en Suisse, entre le premier quart du XVIIIesi\u00e8cle et le d\u00e9but&hellip;<\/p>\n","protected":false},"featured_media":11354,"template":"","meta":{"_acf_changed":false,"inline_featured_image":false},"product_brand":[],"product_cat":[70],"product_tag":[],"class_list":{"0":"post-11385","1":"product","2":"type-product","3":"status-publish","4":"has-post-thumbnail","6":"product_cat-arts-appliques","7":"disponibilita-si","8":"description-off","10":"first","11":"instock","12":"shipping-taxable","13":"purchasable","14":"product-type-simple"},"acf":[],"_links":{"self":[{"href":"https:\/\/www.fivecontinentseditions.com\/fr\/wp-json\/wp\/v2\/product\/11385","targetHints":{"allow":["GET"]}}],"collection":[{"href":"https:\/\/www.fivecontinentseditions.com\/fr\/wp-json\/wp\/v2\/product"}],"about":[{"href":"https:\/\/www.fivecontinentseditions.com\/fr\/wp-json\/wp\/v2\/types\/product"}],"wp:featuredmedia":[{"embeddable":true,"href":"https:\/\/www.fivecontinentseditions.com\/fr\/wp-json\/wp\/v2\/media\/11354"}],"wp:attachment":[{"href":"https:\/\/www.fivecontinentseditions.com\/fr\/wp-json\/wp\/v2\/media?parent=11385"}],"wp:term":[{"taxonomy":"product_brand","embeddable":true,"href":"https:\/\/www.fivecontinentseditions.com\/fr\/wp-json\/wp\/v2\/product_brand?post=11385"},{"taxonomy":"product_cat","embeddable":true,"href":"https:\/\/www.fivecontinentseditions.com\/fr\/wp-json\/wp\/v2\/product_cat?post=11385"},{"taxonomy":"product_tag","embeddable":true,"href":"https:\/\/www.fivecontinentseditions.com\/fr\/wp-json\/wp\/v2\/product_tag?post=11385"}],"curies":[{"name":"wp","href":"https:\/\/api.w.org\/{rel}","templated":true}]}}